{"version":"1.0","provider_name":"BircaHang","provider_url":"https:\/\/maxval.cafeblog.hu","author_name":"maxval bircaman","author_url":"https:\/\/maxval.cafeblog.hu\/author\/maxval1967gmail-com\/","title":"Mit olvasnak?","html":"<!-- wp:paragraph -->\n<p>A 80-as \u00e9vek els\u0151 fel\u00e9ben minden \u00e9vben j\u00e1rtam Spanyolorsz\u00e1gban, n\u00e9ha \u00e9vente k\u00e9tszer is. Tudni kell, akkor <strong>nyugatim\u00e1d\u00f3 <\/strong>kamasz voltam, aki m\u00e9lyen meg volt gy\u0151z\u0151dve a nyugati rend fels\u0151bbrend\u0171s\u00e9g\u00e9r\u0151l minden tekintetben.<\/p>\n<!-- \/wp:paragraph -->\n\n<!-- wp:paragraph -->\n<p>Volt azonban p\u00e1r dolog akkor is, amit nem tudtam <strong>megmagyar\u00e1zni<\/strong>. Az egyik dolog az volt: megfigyeltem, egy \u00fajs\u00e1gos \u00fczletben Madridban az emberek mit vesznek. Nos, 10 emberb\u0151l \u00e1tlag 9 teljesen politikamentes lapot, azaz bulv\u00e1rt vett.<\/p>\n<!-- \/wp:paragraph -->\n\n<!-- wp:paragraph -->\n<p>Azt\u00e1n ut\u00e1na is n\u00e9ztem: az akkor Magyarorsz\u00e1gn\u00e1l majdnem 4-szer n\u00e9pesebb Spanyolorsz\u00e1gban a k\u00f6z\u00e9leti lapok p\u00e9ld\u00e1nysz\u00e1ma <strong>kisebb<\/strong>, mint Magyarorsz\u00e1gon. Ez akkor is sokkol\u00f3 volt, ha nyilv\u00e1n a magyarorsz\u00e1gi p\u00e1rt\u00e1llami sajt\u00f3 p\u00e9ld\u00e1nysz\u00e1ma sokban <strong>mesters\u00e9ges <\/strong>volt.<\/p>\n<!-- \/wp:paragraph -->\n\n<!-- wp:paragraph -->\n<p>Sz\u00f3val kider\u00fclt: az \u00e1tlag spanyolt <strong>nem \u00e9rdekli<\/strong> a k\u00f6z\u00e9let. Ezt persze a hivatalos liber\u00e1lis narrat\u00edva \u00fagy magyar\u00e1zza: az emberek boldogok, mindenki a maga dolg\u00e1val t\u00f6r\u0151dik, \u00edgy nem is sz\u00fcks\u00e9ges politiz\u00e1lni. Csakhogy ez egy teljesen fals elm\u00e9let, hiszen ez azt jelenti, ott a politika ugyan\u00fagy egy kaszt \u00fcgye, ahogy n\u00e1lunk, az akkori kommunista Magyarorsz\u00e1gon. Ha pedig ez \u00edgy van, akkor ez nem demokr\u00e1cia, legfeljebb egy <strong>j\u00f3l\u00e9ti <\/strong>diktat\u00fara.<\/p>\n<!-- \/wp:paragraph -->\n\n<!-- wp:paragraph -->\n<p>Akkor persze nem gondoltam mindezt v\u00e9gig, de amiatt <strong>vesztettem <\/strong>el hitemet a polg\u00e1ri demokr\u00e1ci\u00e1ban 1983-1984 k\u00f6z\u00f6tt, amit azt\u00e1n visszanyertem az alternat\u00edva, Kuba hat\u00e1s\u00e1ra.<\/p>\n<!-- \/wp:paragraph -->\n\n<!-- wp:paragraph -->\n<p>Magyarorsz\u00e1gon kellett 10 \u00e9v a rendszerv\u00e1ltoz\u00e1s ut\u00e1n, hogy a helyzet hasonl\u00f3 legyen. Amikor 1997-ben egy budapesti elit bankfi\u00f3kban dolgoztam, tapasztaltam, hogy a koll\u00e9g\u00e1k 90 %-a csakis bulv\u00e1rt olvas, s alig van fogalma az orsz\u00e1g politikai \u00e9let\u00e9r\u0151l: a celebeket n\u00e9v szerint alaposan ismeril, de nem tudja senki ki \u00e9ppen a k\u00f6zt\u00e1rsas\u00e1gi eln\u00f6k.<\/p>\n<!-- \/wp:paragraph -->\n\n<!-- wp:paragraph -->\n<p>Azt\u00e1n amikor kir\u00fagtak a bankb\u00f3l, 1998-ban elmentem \u0151rz\u0151-v\u00e9d\u0151 tanfolyamra, hogy biztons\u00e1gi \u0151r lehessek. Ott azt <strong>tapasztaltam<\/strong>, a tanfolyamra j\u00e1r\u00f3knak fogalma sincs arr\u00f3l, hogy v\u00e1laszt\u00e1sok lesznek (a tanfolyam a v\u00e1laszt\u00e1sok el\u0151tt 2 h\u00f3nappal zajlott), s aki hallott is valamit, az se tudja pontosan mit is v\u00e1lasztunk. <\/p>\n<!-- \/wp:paragraph -->\n\n<!-- wp:image {\"id\":28928,\"sizeSlug\":\"large\"} -->\n<figure class=\"wp-block-image size-large\"><img src=\"https:\/\/maxval.cafeblog.hu\/files\/2021\/04\/qj5.jpg\" alt=\"\" class=\"wp-image-28928\" \/><\/figure>\n<!-- \/wp:image -->","type":"rich","thumbnail_url":"https:\/\/maxval.cafeblog.hu\/files\/2021\/04\/cnfgs-800x500-150x150.png","thumbnail_width":150,"thumbnail_height":150}