{"version":"1.0","provider_name":"BircaHang","provider_url":"https:\/\/maxval.cafeblog.hu","author_name":"maxval bircaman","author_url":"https:\/\/maxval.cafeblog.hu\/author\/maxval1967gmail-com\/","title":"Harc a szavak\u00e9rt","html":"<!-- wp:paragraph -->\n<p>M\u00e1r <a href=\"http:\/\/bircahang.org\/ne-gondolj-a-tigrisre\/\">\u00edrtam<\/a> arr\u00f3l, hogy mennyire <strong>fontos <\/strong>a harc a nyelv\u00e9rt. Ha uraljuk a szavakat, az ellens\u00e9g beszorul a sarokba, ahonnan k\u00e9ts\u00e9gbeesett kap\u00e1l\u00f3z\u00e1sa m\u00e1r csak minket seg\u00edt.<\/p>\n<!-- \/wp:paragraph -->\n\n<!-- wp:paragraph -->\n<p>A ballibek is kiv\u00e1l\u00f3an \u00e9rtik ezt. De szerencs\u00e9re nagyon <strong>rosszul <\/strong>csin\u00e1lj\u00e1k. Tulajdonk\u00e9ppen az ut\u00f3bbi 10 \u00e9vben egyetlen siker\u00fck volt, a \"rabszolgat\u00f6rv\u00e9ny\" sz\u00f3. Az \u00f6sszes hasonl\u00f3 meccset mind a Fidesz nyerte meg.<\/p>\n<!-- \/wp:paragraph -->\n\n<!-- wp:paragraph -->\n<p>A nyelv \u00e9l\u0151 organizmus, nem lehet kapkodni, se er\u0151szakoskodni vele. De finoman lehet ir\u00e1ny\u00edtani. Ehhez odafigyel\u00e9s, t\u00fcrelem, kitart\u00e1s kell. Ezek mind hi\u00e1nyoznak a ballibekb\u0151l, \u0151k azonnal akarnak mindent. J\u00f3l l\u00e1that\u00f3 ez a <strong>t\u00fcntet\u00e9sekhez <\/strong>val\u00f3 viszonyukb\u00f3l: m\u00e1ra siker\u00fclt saj\u00e1t t\u00f6rzst\u00e1borukat k\u00e9ts\u00e9gbees\u00e9sbe kergetni azzal a hamis hozz\u00e1\u00e1ll\u00e1ssal, miszerint az igazi t\u00fcntet\u00e9s az, mely miatt a korm\u00e1ny megbukik, minden m\u00e1s csak id\u0151veszt\u00e9s, c\u00e9ltalan s\u00e9t\u00e1lgat\u00e1s. Pedig a t\u00fcntet\u00e9sek c\u00e9lja sose a korm\u00e1nybuktat\u00e1s, hanem a hangulatkelt\u00e9s, mely lassan n\u00f6vekszik, majd esetleg egy adott pillanatban elvezethet a korm\u00e1ny buk\u00e1s\u00e1ig. Azzal, hogy minden egyes t\u00fcntet\u00e9st\u0151l elv\u00e1rj\u00e1k a korm\u00e1ny buk\u00e1s\u00e1t \u00e9ppen ezt a hat\u00e1st null\u00e1zz\u00e1k le.<\/p>\n<!-- \/wp:paragraph -->\n\n<!-- wp:paragraph -->\n<p>A nyelv m\u00e9g <strong>finomabb <\/strong>eszk\u00f6z. Kitart\u00f3 ism\u00e9telget\u00e9s sz\u00fcks\u00e9ges a hat\u00e1shoz. <\/p>\n<!-- \/wp:paragraph -->\n\n<!-- wp:paragraph -->\n<p>Nemr\u00e9g k\u00e9t esetben l\u00e1thattuk a ballib nyelvi politika <strong>kudarc\u00e1t<\/strong>: \"asszonys\u00e1g\" \u00e9s \"k\u00f6zj\u00f3sz\u00e1g\". <\/p>\n<!-- \/wp:paragraph -->\n\n<!-- wp:paragraph -->\n<p>Az el\u0151bbi egy bizalmaskod\u00f3, m\u0171n\u00e9pies sz\u00f3 - szerintem haszn\u00e1lata nevets\u00e9ges, lesz\u00e1m\u00edtva az enyh\u00e9n humoros st\u00edlust, de hogy <strong>k\u00e9ptelens\u00e9g <\/strong>bel\u0151le feminista fegyvert kov\u00e1csolni az biztos, hiszen ink\u00e1bb dics\u00e9r\u0151, mint len\u00e9z\u0151. A fejlett nyugaton val\u00f3sz\u00edn\u0171leg val\u00f3ban t\u00e9nyleges botr\u00e1nyt okozna, de ott a n\u0151 el\u0151re enged\u00e9se a liftn\u00e9l is botr\u00e1nyos. Magyarorsz\u00e1gon  viszont ez alkalmatlan a botr\u00e1nykelt\u00e9sre, m\u00e9g a legvadabb magyar liber\u00e1lis is csak k\u00e9nyszerb\u0151l h\u00e1borodik fel, de a lelke m\u00e9ly\u00e9n \u0151 se \u00e9rti, mi ebben a botr\u00e1ny. Sz\u00f3val ebb\u0151l \u00fcgyet csin\u00e1lni kb. ugyanaz, mint azok a szerencs\u00e9tlenek, akik tavaly Black Lives Matter t\u00fcntet\u00e9st szerveztek Budapesten - m\u00e9g a fekete\u00f6ves ballib megmond\u00f3emberek nagy r\u00e9sze is <strong>nevets\u00e9gesnek <\/strong>tartotta  a kezdem\u00e9nyez\u00e9st.<\/p>\n<!-- \/wp:paragraph -->\n\n<!-- wp:paragraph -->\n<p>Ami pedig az ut\u00f3bbit - \"k\u00f6zj\u00f3sz\u00e1g\" - illeti, ez egy szaksz\u00f3, a k\u00f6zgazdas\u00e1gtan haszn\u00e1lja. Haszn\u00e1lata a k\u00f6znapi nyelvben szokatlan. De ism\u00e9t k\u00e9ptelens\u00e9g <strong>belemagyar\u00e1zni <\/strong>azt, amit a ballib propaganda \u00e1ll\u00edtott: kb. hogy Orb\u00e1n \u00e1llamos\u00edtani akarja a gyerekeket. A sz\u00f3haszn\u00e1lat vil\u00e1gos. <\/p>\n<!-- \/wp:paragraph -->\n\n<!-- wp:paragraph -->\n<p>A nagy t\u00f6bbs\u00e9g eleve nem is ismerte a sz\u00f3t eddig, \u00edgy emiatt se k\u00e9pes felh\u00e1borodni. Aki pedig ismerte, az meg is \u00e9rti jelent\u00e9s\u00e9t. Nincs <strong>kit <\/strong>meggy\u0151zni.<\/p>\n<!-- \/wp:paragraph -->\n\n<!-- wp:paragraph -->\n<p>A ballib igyekezetek m\u00f6g\u00f6tt l\u00e1that\u00f3 azonban valami m\u00e9ly \u00e9rzelem: a <strong>90-es \u00e9vek <\/strong>ut\u00e1ni v\u00e1gyakoz\u00e1s, amikor szinte minden m\u00e9dia ballib k\u00e9zben volt. ha ugyanis uralja az ember a nyilv\u00e1noss\u00e1got, akkor van val\u00f3s es\u00e9lye, hogy t\u00e9nylegesen is botr\u00e1nyt csin\u00e1ljon egy nembotr\u00e1nyb\u00f3l. Hiszen ha minden t\u00e9v\u00e9 \u00e9s lap egym\u00e1s ut\u00e1n sz\u00f3laltatja meg a \"szak\u00e9rt\u0151ket\", akik mind egybehangz\u00f3an \u00e1ll\u00edtj\u00e1k mekkor nagy botr\u00e1ny van, akkor el\u0151bb-ut\u00f3bb a kisember is elhiszi, itt botr\u00e1ny van, de legal\u00e1bbis \"helyzet\" van, azaz felmer\u00fcl a c\u00e9lszem\u00e9ly felel\u0151s\u00e9ge.<\/p>\n<!-- \/wp:paragraph -->\n\n<!-- wp:paragraph -->\n<p>Csak h\u00e1t van egy rossz h\u00edr a ballib megmond\u00f3k sz\u00e1m\u00e1ra: a magyar m\u00e9di\u00e1k kb. fele nem az \u0151 ir\u00e1ny\u00edt\u00e1suk alatt van, \u00edgy nem k\u00e9pezhet\u0151 egys\u00e9ges narrat\u00edva. Pechj\u00fckre <strong>pluralizmus <\/strong>van.<\/p>\n<!-- \/wp:paragraph -->\n\n<!-- wp:image {\"align\":\"center\",\"id\":28133,\"sizeSlug\":\"large\"} -->\n<div class=\"wp-block-image\"><figure class=\"aligncenter size-large\"><img src=\"http:\/\/bircahang.org\/wp-content\/uploads\/2021\/02\/kzjs.png\" alt=\"\" class=\"wp-image-28133\" \/><figcaption>az egyik sz\u00e1nalmas pr\u00f3b\u00e1lkoz\u00e1s<\/figcaption><\/figure><\/div>\n<!-- \/wp:image -->","type":"rich","thumbnail_url":null,"thumbnail_width":null,"thumbnail_height":null}