{"version":"1.0","provider_name":"BircaHang","provider_url":"https:\/\/maxval.cafeblog.hu","author_name":"maxval bircaman","author_url":"https:\/\/maxval.cafeblog.hu\/author\/maxval1967gmail-com\/","title":"Mi a termel\u00e9kenys\u00e9g?","html":"<!-- wp:paragraph -->\n<p>A \"termel\u00e9kenys\u00e9g\" egy liber\u00e1lis <strong>var\u00e1zsz\u00f3<\/strong>. L\u00e9tezik, de nincs val\u00f3s tartalma.<\/p>\n<!-- \/wp:paragraph -->\n\n<!-- wp:paragraph -->\n<p>Egy p\u00e9lda: ha a t\u0151k\u00e9s szabadon <strong>gar\u00e1zd\u00e1lkodhat<\/strong>, akkor a munk\u00e1s\u00e1nak fizet 100 egys\u00e9gnyi p\u00e9nzt, ha viszont megszor\u00edtjuk a szarv\u00e1t, akkor 500-at.<\/p>\n<!-- \/wp:paragraph -->\n\n<!-- wp:paragraph -->\n<p>T\u00f6k ugyanazt csin\u00e1lja mindk\u00e9t esetben a munk\u00e1s. Csak az ut\u00f3bbiban ki lett harcolva a <strong>magasabb <\/strong>b\u00e9r. \u00cdgy magasabb lett a \"termel\u00e9kenys\u00e9ge\".<\/p>\n<!-- \/wp:paragraph -->\n\n<!-- wp:image {\"id\":9936,\"sizeSlug\":\"large\"} -->\n<figure class=\"wp-block-image size-large\"><img src=\"https:\/\/maxval.cafeblog.hu\/files\/2020\/09\/444c-1024x683.jpg\" alt=\"\" class=\"wp-image-9936\" \/><\/figure>\n<!-- \/wp:image -->","type":"rich","thumbnail_url":null,"thumbnail_width":null,"thumbnail_height":null}