{"version":"1.0","provider_name":"BircaHang","provider_url":"https:\/\/maxval.cafeblog.hu","author_name":"maxval bircaman","author_url":"https:\/\/maxval.cafeblog.hu\/author\/maxval1967gmail-com\/","title":"A liber\u00e1lis-progressz\u00edv filmcenz\u00fara","html":"<!-- wp:paragraph -->\n<p>Sokszor \u00edrtam m\u00e1r <strong>Kub\u00e1r\u00f3l<\/strong>, ahov\u00e1 12 \u00e9vesen ker\u00fcltem ki, s p\u00e1r nappal 19 \u00e9ves sz\u00fclet\u00e9snapom ut\u00e1n t\u00e1voztam, \u00f6sszesen valamivel t\u00f6bb mint 6 \u00e9vet \u00e9lve le ott. (K\u00f6zben minden nyarat Magyarorsz\u00e1gon t\u00f6lt\u00f6ttem.)<\/p>\n<!-- \/wp:paragraph -->\n\n<!-- wp:paragraph -->\n<p>A mostani liber\u00e1lis-progressz\u00edv <strong>kult\u00faracenz\u00fara <\/strong>m\u00f3dszere Kub\u00e1ban m\u00e1r akkor, a 80-as \u00e9vekben megvolt. Innen jutott eszembe Kuba.<\/p>\n<!-- \/wp:paragraph -->\n\n<!-- wp:paragraph -->\n<p>A hagyom\u00e1nyos szovjet \u00e9s K\u00e1d\u00e1r-kori magyar cenz\u00fara m\u00f3dszere az volt, hogy egyes k\u00f6nyveket, filmeket egyszer\u0171en nem engedett be az orsz\u00e1gba, s k\u00e9sz. M\u00e1sokat beengedett, de r\u00e9szeket kiv\u00e1gva bel\u0151l\u00fck. Sz\u00f3val igazi, <strong>k\u0151kem\u00e9ny <\/strong>cenz\u00fara, amir\u0151l pl. Lendvai Ildik\u00f3 sokat mes\u00e9lhetne, ha \u0151szinte lenne.<\/p>\n<!-- \/wp:paragraph -->\n\n<!-- wp:paragraph -->\n<p>A kubai kommunizmus sok dolgot nem vett \u00e1t a szovjet elvt\u00e1rsakt\u00f3l, ennek f\u0151 oka persze az, hogy a kubai kommunizmus <strong>\u00f6ner\u0151b\u0151l <\/strong>jutott hatalomra, Castr\u00f3\u00e9k mindig egyenl\u0151 partnerekk\u00e9nt viselkedtek a Szovjet\u00fani\u00f3val, sose helytart\u00f3k\u00e9nt, b\u00e1bk\u00e9nt. <\/p>\n<!-- \/wp:paragraph -->\n\n<!-- wp:paragraph -->\n<p>A sok elt\u00e9r\u00e9s list\u00e1ja <strong>hossz\u00fa<\/strong>: pl. a hadsereg szerepe, a mag\u00e1n\u00e9let rendez\u00e9se, a fels\u0151oktat\u00e1s, tal\u00e1n ez a 3 legl\u00e1tv\u00e1nyosabb elt\u00e9r\u00e9s. Hogy ne csig\u00e1zzam a ked\u00e9lyeket,  r\u00f6viden ez a 3 elt\u00e9r\u00e9s:<\/p>\n<!-- \/wp:paragraph -->\n\n<!-- wp:list -->\n<ul><li>a hadsereg Kub\u00e1ban a hatalom egyik egyenrang\u00fa pill\u00e9re, nem a P\u00e1rt al\u00e1rendeltje,<\/li><li>a kubai \u00e1llam nem akarta nevelni az embereket a politik\u00e1t nem \u00e9rint\u0151 mag\u00e1n\u00e9let\u00fcket illet\u0151en, m\u00edg a szovjet rendszer pl. rossz szemmel n\u00e9zte a szexu\u00e1lis szabadoss\u00e1got,<\/li><li>a fels\u0151oktat\u00e1s Kub\u00e1ban meglep\u0151en szabad, az egyetlen k\u00f6vetelm\u00e9ny a rendszer ir\u00e1nti h\u0171s\u00e9g, de ennek nem kell mag\u00e1ban foglalnia pl. a hivatalos marxista eszm\u00e9vel val\u00f3 egyet\u00e9rt\u00e9st is.<\/li><\/ul>\n<!-- \/wp:list -->\n\n<!-- wp:paragraph -->\n<p>De most egy m\u00e1s elt\u00e9r\u00e9sr\u0151l, a kultur\u00e1lis cenz\u00far\u00e1r\u00f3l. Kub\u00e1ban beengedtek gyakorlatilag mindent, kifejezetten antikommunista alkot\u00e1sokat is ak\u00e1r, ha azok nem ir\u00e1nyultak direkt m\u00f3don a kubai rendszer ellen. Amit kifejezetten tiltottak az csak 2 m\u0171faj volt: a kem\u00e9ny porn\u00f3 \u00e9s a durva horror, ut\u00f3bbit \u00e1ll\u00edt\u00f3lag az\u00e9rt, mert Fidel ut\u00e1lta ezt a m\u0171fajt. <\/p>\n<!-- \/wp:paragraph -->\n\n<!-- wp:paragraph -->\n<p>Az ideol\u00f3giai, politikai szempontb\u00f3l legrizik\u00f3sabb filmeket azonban csak f\u0151 \u00e1llami csatorn\u00e1n mutatt\u00e1k be egy <strong>Tanda del Domingo<\/strong> (Vas\u00e1rnapi m\u0171sor) nev\u0171 vas\u00e1rnap d\u00e9lut\u00e1ni m\u0171sorban, jellemz\u0151en egym\u00e1s ut\u00e1n 2-2 filmet minden vas\u00e1rnap. <\/p>\n<!-- \/wp:paragraph -->\n\n<!-- wp:paragraph -->\n<p>Vicces mell\u00e9kes k\u00f6r\u00fclm\u00e9ny: a 80-as \u00e9vekben a kubai tv-nek k\u00e9t csatorn\u00e1ja volt: a Canal 6 (magyarul:<strong> 6-os Csatorna<\/strong>) \u00e9s a Tele Rebelde (magyarul: L\u00e1zad\u00f3 T\u00e9v\u00e9). S sok\u00e1ig csak az el\u0151bbi volt, s az volt azt\u00e1n is a f\u0151 ad\u00e1s. A magyar\u00e1zat arra, hogy mi\u00e9rt van 6-os csatorna, mikor nincs 1-es, 2-es, stb. az, hogy a t\u00f6bbit megsz\u00fcntett\u00e9k a forradalom gy\u0151zelme ut\u00e1n, de a nevet meghagyt\u00e1k.<\/p>\n<!-- \/wp:paragraph -->\n\n<!-- wp:paragraph -->\n<p>Ez a Tanda del Domingo \u00fagy zajlott, hogy megjelent a k\u00e9perny\u0151n egy 60 \u00e9ves k\u00f6r\u00fcli b\u00e1csi, neves \u0151skommunista elvt\u00e1rs (m\u00e1r akkor kommunista volt, amikor m\u00e9g Fidel Castro se volt az), hivatalosan pedig a Havannai Egyetem egyik m\u0171v\u00e9szett\u00f6rt\u00e9net professzora, n\u00e9v szerint <strong>Mario Rodr\u00edguez Alem\u00e1n<\/strong>, g\u00fanyneve szerint Mario Rodr\u00edguez Alem\u00e1n Democr\u00e1tico (Alem\u00e1n = N\u00e9met, Alem\u00e1n Democr\u00e1tico = N\u00e9met Demokratikus). Az emberke im\u00e1dott besz\u00e9lni, \u00edgy nem ritk\u00e1n k\u00e9pes volt minden film el\u0151tt ak\u00e1r 30-40 perces el\u0151ad\u00e1st is tartani, mintha az egyetemen lenne. Hosszasan, bonyolultan, de mindig eljutott oda, hogy a feh\u00e9r az fekete, a fekete meg feh\u00e9r, s minden ami van k\u00f3doltan a \"forradalmat\" igazolja.<\/p>\n<!-- \/wp:paragraph -->\n\n<!-- wp:image {\"align\":\"center\",\"id\":24910,\"sizeSlug\":\"large\"} -->\n<div class=\"wp-block-image\"><figure class=\"aligncenter size-large\"><img src=\"http:\/\/bircahang.org\/wp-content\/uploads\/2020\/07\/mra.jpg\" alt=\"\" class=\"wp-image-24910\" \/><figcaption>Mario Rodr\u00edguez Alem\u00e1n<\/figcaption><\/figure><\/div>\n<!-- \/wp:image -->\n\n<!-- wp:paragraph -->\n<p>Akkor\u00e1kat lehetett n\u00e9ha ezen r\u00f6h\u00f6gni,, hogy sokszor a magyar\u00e1zkod\u00e1s jobb <strong>sz\u00f3rakoz\u00e1st <\/strong>ny\u00fajtott mag\u00e1n\u00e1l filmn\u00e9l. A kubai rendszer becs\u00fclet\u00e9re egy\u00e9bk\u00e9nt: sose <strong>v\u00e1gtak <\/strong>ki semmit a filmekb\u0151l.<\/p>\n<!-- \/wp:paragraph -->\n\n<!-- wp:paragraph -->\n<p>Viszont az\u00e9rt a kubai rendszer se gondolta, hogy mindent magyar\u00e1zni kellene. A mai liber\u00e1lis-progressz\u00edvek <strong>szintet <\/strong>l\u00e9ptek, \u0151k a legkisebb \"probl\u00e9ma\" eset\u00e9ben is tiltanak, cenz\u00far\u00e1znak.<\/p>\n<!-- \/wp:paragraph -->","type":"rich","thumbnail_url":null,"thumbnail_width":null,"thumbnail_height":null}