{"version":"1.0","provider_name":"BircaHang","provider_url":"https:\/\/maxval.cafeblog.hu","author_name":"maxval bircaman","author_url":"https:\/\/maxval.cafeblog.hu\/author\/maxval1967gmail-com\/","title":"A bolg\u00e1r Trianon","html":"<!-- wp:paragraph -->\n<p>L\u00e1tsz\u00f3lag hasonl\u00f3 a bolg\u00e1r ter\u00fcletveszt\u00e1s a magyarhoz, de <strong>m\u00e9lyebben <\/strong>a helyzet eg\u00e9szen m\u00e1s. Ez\u00e9rt is m\u00e1sak  a reakci\u00f3k.<\/p>\n<!-- \/wp:paragraph -->\n\n<!-- wp:paragraph -->\n<p>Magyarorsz\u00e1g Trianon el\u0151tt az \u00f6sszes magyarlakta ter\u00fcletet mag\u00e1ban foglalta, egyetlen kiv\u00e9tellel: a Cs\u00e1ng\u00f3f\u00f6ld Trianon el\u0151tt is rom\u00e1n volt.<\/p>\n<!-- \/wp:paragraph -->\n\n<!-- wp:paragraph -->\n<p>Ezzel szemben a Bulg\u00e1ria sz\u00e1m\u00e1ra nem Trianon p\u00e1rhuzama, a Neuillyi b\u00e9keszerz\u0151d\u00e9s (1919) hozta a legnagyobb vesztes\u00e9get, ez csak egy volt a sok vesztes\u00e9g k\u00f6z\u00f6tt.<\/p>\n<!-- \/wp:paragraph -->\n\n<!-- wp:paragraph -->\n<p>Az al\u00e1bbi t\u00e9rk\u00e9pen a mai hat\u00e1rok vannak megjel\u00fclve. A narancs, z\u00f6ld, s s\u00e1rga sz\u00edn jel\u00f6li azt a ter\u00fcletet, melyet a XIX. sz. 70-es \u00e9veiben k\u00f6zmegyez\u00e9ssel bolg\u00e1rnak lehetett tekinteni. Narnacss\u00e1rga sz\u00ednnel van jel\u00f6lve az a ter\u00fclet, melyet az 1878-\u00f6s orosz-t\u00f6r\u00f6k ideiglenes b\u00e9keszerz\u0151d\u00e9s a vissz\u00e1ll\u00edtott bolg\u00e1r \u00e1llam ter\u00fclet\u00e9nek jel\u00f6lt meg. S <strong>s\u00e1rga<\/strong> az a r\u00e9sz, melyet a Neuillyi b\u00e9keszerz\u0151d\u00e9s vett el. <\/p>\n<!-- \/wp:paragraph -->\n\n<!-- wp:image {\"align\":\"center\",\"id\":24589,\"sizeSlug\":\"large\"} -->\n<div class=\"wp-block-image\"><figure class=\"aligncenter size-large\"><img src=\"http:\/\/bircahang.org\/wp-content\/uploads\/2020\/06\/bgekzssw-800x618.png\" alt=\"\" class=\"wp-image-24589\" \/><figcaption>Bulg\u00e1ria vesztes\u00e9gei<\/figcaption><\/figure><\/div>\n<!-- \/wp:image -->\n\n<!-- wp:paragraph -->\n<p>Teh\u00e1t a Neuillyi b\u00e9keszerz\u0151d\u00e9s j\u00f3val kevesebbet vett el, mint ami <strong>kor\u00e1bban<\/strong>, 1878-1919 k\u00f6z\u00f6tt m\u00e1r elveszett. A Neuillyi b\u00e9keszerz\u0151d\u00e9s \u00e1ltal elvett ter\u00fclet \u00f6sszesen 11 ezer km<sup>2<\/sup>, ez 6 ter\u00fcletr\u00e9szt jelentett:<\/p>\n<!-- \/wp:paragraph -->\n\n<!-- wp:list -->\n<ul><li><strong>Jugoszl\u00e1via <\/strong>jav\u00e1ra \u00f6sszesen 2600 km<sup>2<\/sup>:<ul><li>Kula j\u00e1r\u00e1s nyugati r\u00e9sze (ma Szerbi\u00e1ban, bolg\u00e1r lakoss\u00e1g ar\u00e1nya ma: 1 %, ez a ter\u00fclet az elcsatol\u00e1sakor rom\u00e1n \u00e9s szerb volt etnikailag),<\/li><li>Caribrod v\u00e1ros \u00e9s k\u00f6rny\u00e9ke (ma: Dimitrovgrad, Szerbia, bolg\u00e1r lakoss\u00e1g ar\u00e1nya ma: 54 %),<\/li><li>Boszilegrad v\u00e1ros \u00e9s k\u00f6rny\u00e9ke (ma Szerbi\u00e1ban, bolg\u00e1r lakoss\u00e1g ar\u00e1nya ma: 77 %),<\/li><li>Sztrumica v\u00e1ros \u00e9s korny\u00e9ke  (ma: \u00c9szak-Maced\u00f3nia, maced\u00f3n lakoss\u00e1g ar\u00e1nya: 92 %);<\/li><\/ul><\/li><li><strong>G\u00f6r\u00f6gorsz\u00e1g <\/strong>jav\u00e1ra \u00f6sszesen 8600 km<sup>2<\/sup>:<ul><li>a jelenlegi g\u00f6r\u00f6g Paraneszti j\u00e1r\u00e1s \u00e9szaki r\u00e9sze (ma G\u00f6r\u00f6gorsz\u00e1gban, gyakorlatilag lakatlan ter\u00fclet, az eredeti bolg\u00e1r-muszlim lakoss\u00e1g ki lett telep\u00edtve T\u00f6r\u00f6korsz\u00e1gba a 20-as \u00e9vek v\u00e9g\u00e9n),<\/li><li>Nyugat-Tr\u00e1kia (ma: G\u00f6r\u00f6gorsz\u00e1g, bolg\u00e1r lakoss\u00e1g ar\u00e1nya: 5 %, a b\u00e9keszerz\u0151d\u00e9s idej\u00e9n a bolg\u00e1r lakoss\u00e1g 14 % volt, a t\u00f6bbs\u00e9gi lakoss\u00e1g t\u00f6r\u00f6k volt 68 % ar\u00e1nyban, ez a 20-as \u00e9vek v\u00e9gi kitelep\u00edt\u00e9s miatt m\u00e1ra 25 %-ra cs\u00f6kkent).<\/li><\/ul><\/li><\/ul>\n<!-- \/wp:list -->\n\n<!-- wp:paragraph -->\n<p>A Bulg\u00e1ria \u00e1ltal elvesztett lakoss\u00e1g 1919-ben 2 milli\u00f3 f\u0151 volt, de ebb\u0151l csak <strong>600 ezer <\/strong>volt bolg\u00e1r nemzetis\u00e9g\u0171. Az igaz\u00e1n s\u00falyos vesztes\u00e9get 2 dolog okozta:<\/p>\n<!-- \/wp:paragraph -->\n\n<!-- wp:list -->\n<ul><li>Bulg\u00e1ria elvesztette \u00c9gei-tengeri tengerpartj\u00e1t, mely pedig gazdas\u00e1gilag j\u00f3val fontosabb volt, mint a Fekete-tengeri,<\/li><li>az idegen ter\u00fcletre ker\u00fclt bolg\u00e1r lakoss\u00e1g jelent\u0151s r\u00e9sze elmenek\u00fclt a megmaradt bolg\u00e1r ter\u00fcletre, s\u0151t G\u00f6r\u00f6gorsz\u00e1g eset\u00e9ben ez egyenesen k\u00f6telez\u0151 volt.<\/li><\/ul>\n<!-- \/wp:list -->\n\n<!-- wp:paragraph -->\n<p>Viszont a bolg\u00e1r n\u00e9pl\u00e9lek sz\u00e1m\u00e1ra volt 2 m\u00e1sik ter\u00fclet, melyet az orsz\u00e1g nem ekkor vesztett el, hanem <strong>kor\u00e1bban<\/strong>: ez Maced\u00f3nia \u00e9s Dobrudzsa. <\/p>\n<!-- \/wp:paragraph -->\n\n<!-- wp:paragraph -->\n<p>Maced\u00f3nia 1913-ig t\u00f6r\u00f6k ter\u00fclet volt, majd a t\u00f6r\u00f6k uralom megsz\u0171n\u00e9sekor Bulg\u00e1ria s\u00falyos <strong>veres\u00e9get <\/strong>szenvedett a szerb-g\u00f6r\u00f6g meg\u00e1llapod\u00e1s miatt, mely k\u00e9t f\u00e9l gyakorlatilag elosztotta egym\u00e1s k\u00f6zt a ter\u00fcletet, Bulg\u00e1ri\u00e1nak csak az \u00e9szakkeleti cs\u00fccsk\u00e9t hagyva a r\u00e9gi\u00f3nak. Ez kb. 60 ezer km<sup>2<\/sup>. A Bulg\u00e1ri\u00e1nak adott maced\u00f3niai ter\u00fclet alig 6800 km<sup>2<\/sup>.<\/p>\n<!-- \/wp:paragraph -->\n\n<!-- wp:paragraph -->\n<p><strong>Dobrudzsa <\/strong>\u00e9szaki r\u00e9sze m\u00e1r 1878-ban Rom\u00e1ni\u00e1hoz ker\u00fclt, annak ellen\u00e9re, hogy a lakoss\u00e1g alig 20 %-a volt rom\u00e1n. Ezzel kompenz\u00e1lta Oroszorsz\u00e1g  Rom\u00e1ni\u00e1t, ami\u00e9rt megtartotta mag\u00e1nak a 75 %-ban rom\u00e1n lakoss\u00e1g\u00fa Kelet-Moldov\u00e1t.<\/p>\n<!-- \/wp:paragraph -->\n\n<!-- wp:paragraph -->\n<p>Dobrudzsa d\u00e9li r\u00e9sz\u00e9t Bulg\u00e1ria 1913-ban vesztette el <strong>Rom\u00e1nia <\/strong>jav\u00e1ra. Itt a rom\u00e1nok nem rendelkeztek semmilyen etnikai \u00e9rvekkel, a rom\u00e1n lakoss\u00e1g alig 2 % (kett\u0151) volt, a hivatkoz\u00e1s az volt, hogy Maced\u00f3ni\u00e1ban jelent\u0151s rom\u00e1n kisebbs\u00e9g van, de mivel ott nem kaphat a t\u00e1vols\u00e1g miatt Rom\u00e1nia ter\u00fcletet, \u00edgy m\u00e1shol, Dobrudzs\u00e1ban k\u00e9r kompenz\u00e1ci\u00f3t.<\/p>\n<!-- \/wp:paragraph -->\n\n<!-- wp:paragraph -->\n<p>D\u00e9l-Dobrudzsa 1940-ben fel lett osztva Bulg\u00e1ria \u00e9s Rom\u00e1nia k\u00f6z\u00f6tt - kb. mint Erd\u00e9ly feloszt\u00e1sa a 2. b\u00e9csi d\u00f6nt\u00e9ssel -, a d\u00e9li r\u00e9sz vissza lett adva Bulg\u00e1ri\u00e1nak, az \u00e9szaki maradt rom\u00e1n, ezzel egy\u00fctt k\u00f6telez\u0151 lakoss\u00e1gcsere is lezajlott. Ez az <strong>egyetlen <\/strong>Hitler k\u00f6zrem\u0171k\u00f6d\u00e9s\u00e9vel k\u00f6t\u00f6tt rev\u00edzi\u00f3s szerz\u0151d\u00e9s, melynek hat\u00e1lya meg lett er\u0151s\u00edtve a h\u00e1bor\u00fa ut\u00e1n is.<\/p>\n<!-- \/wp:paragraph -->\n\n<!-- wp:paragraph -->\n<p>Ami miatt a bolg\u00e1r Trianon nem r\u00e9sze a fentiek szerint a bolg\u00e1r nemzettudatnak akkora <strong>m\u00e9rt\u00e9kben<\/strong>, mint a magyar Trianon a magyar nemzettudatnak az teh\u00e1t, hogy:<\/p>\n<!-- \/wp:paragraph -->\n\n<!-- wp:list -->\n<ul><li>nem akkor veszett el a legt\u00f6bb ter\u00fclet,<\/li><li>csak a p\u00e1r t\u00edzezer f\u0151s szerbiai bolg\u00e1r kisebbs\u00e9g maradt meg eredm\u00e9nyek\u00e9ppen, m\u00e1shonnan a bolg\u00e1r lakoss\u00e1g nagyr\u00e9szt ki lett telep\u00edtve, elmenek\u00fclt.<\/li><\/ul>\n<!-- \/wp:list -->\n\n<!-- wp:paragraph -->\n<p>Sz\u00f3val b\u00e1r a Neuillyi b\u00e9keszerz\u0151d\u00e9s bolg\u00e1r <strong>t\u00f6rt\u00e9nelmi <\/strong>s\u00e9relem, de hat\u00e1sa a mai id\u0151re nem jelent\u0151s.<\/p>\n<!-- \/wp:paragraph -->","type":"rich","thumbnail_url":null,"thumbnail_width":null,"thumbnail_height":null}