{"version":"1.0","provider_name":"BircaHang","provider_url":"https:\/\/maxval.cafeblog.hu","author_name":"maxval bircaman","author_url":"https:\/\/maxval.cafeblog.hu\/author\/maxval1967gmail-com\/","title":"Lenin \u00e9s Soros","html":"<!-- wp:paragraph -->\n<p>A 20-as \u00e9vek (XX. sz.) nagy angliai <strong>sztr\u00e1jkhull\u00e1ma <\/strong>sor\u00e1n volt egy vicces eset: a kommunista szakszervezetisek elfoglalt\u00e1k a gy\u00e1rat, ahol dolgoztak, majd kiment a rend\u0151rs\u00e9g. A felek farkasszemet n\u00e9ztek egym\u00e1ssal. Moszkv\u00e1ban Lenin elvt\u00e1rs \u00f6r\u00fclt, l\u00e1m a vil\u00e1g vezet\u0151 kapitalista \u00e1llam\u00e1ban is \u00e9rik a prolet\u00e1rforradalom.<\/p>\n<!-- \/wp:paragraph -->\n\n<!-- wp:paragraph -->\n<p>Azt\u00e1n j\u00f6tt a <strong>kij\u00f3zan\u00edt\u00f3 <\/strong>h\u00edr: egyik d\u00e9lut\u00e1n, a fesz\u00fclts\u00e9g levezet\u00e9se \u00e9s bizalom\u00e9p\u00edt\u00e9s c\u00e9lj\u00e1b\u00f3l, a rend\u0151r\u00f6k \u00e9s a sztr\u00e1jkol\u00f3k bar\u00e1ts\u00e1gos focimeccset rendeztek egym\u00e1s k\u00f6zt, ami ut\u00e1n persze mindenki visszat\u00e9rt farkasszemet n\u00e9zni. Lenin elvt\u00e1rs \u00f6rj\u00f6ng\u00f6tt: Angli\u00e1ban sose lesz prolet\u00e9rdiktat\u00fara, ha m\u00e9g a legharcosabb angol kommunist\u00e1k is fesz\u00fclts\u00e9glevezet\u00e9sben \u00e9s bizalom\u00e9p\u00edt\u00e9sben gondolkodnak.<\/p>\n<!-- \/wp:paragraph -->\n\n<!-- wp:paragraph -->\n<p>Valahogy \u00edgy \u00e9rezhet Soros gazda is magyar elvt\u00e1rsait illet\u0151en. Magyarorsz\u00e1gon m\u00e9g a leghalad\u00f3bb fiatal libbantak se hajland\u00f3ak tombolva t\u00f6rni-z\u00fazni, hanem ehelyett le\u00fclnek b\u00e9k\u00e9sen drogozni \u00e9s zen\u00e9t hallgatni az \u00fattestre, majd hazamennek aludni. A \"rabszolgat\u00f6rv\u00e9ny\" elleni t\u00fcntiz\u00e9s sor\u00e1n se siker\u00fclt <strong>radikaliz\u00e1l\u00f3dni<\/strong>, a v\u00e9g\u00e9n Soros gazd\u00e1nak k\u00fclf\u00f6ldieket kellett hozatnia Budapestre e c\u00e9lb\u00f3l, l\u00e1sd pl. a sz\u00e1nk\u00f3- \u00e9s feny\u0151faellenes antifasiszta megmozdul\u00e1st a Parlament el\u0151tt.<\/p>\n<!-- \/wp:paragraph -->\n\n<!-- wp:paragraph -->\n<p>Soros gazda n\u00e9zi a mostani amerikai t\u00fcntet\u00e9seket, s <strong>s\u00f3hajtozik<\/strong>, ennek m\u00e9g  a tizede se k\u00e9pzelhet\u0151 el Magyarorsz\u00e1gon. \u00dagy n\u00e9z ki, Magyarorsz\u00e1gon m\u00e9g a halad\u00f3bb fiatal libbantak is antiszemita fasiszt\u00e1k a lelk\u00fck m\u00e9ly\u00e9n...<\/p>\n<!-- \/wp:paragraph -->\n\n<!-- wp:image {\"align\":\"center\",\"id\":24527,\"sizeSlug\":\"large\"} -->\n<div class=\"wp-block-image\"><figure class=\"aligncenter size-large\"><img src=\"http:\/\/bircahang.org\/wp-content\/uploads\/2020\/05\/ko2.jpg\" alt=\"\" class=\"wp-image-24527\" \/><\/figure><\/div>\n<!-- \/wp:image -->","type":"rich","thumbnail_url":null,"thumbnail_width":null,"thumbnail_height":null}