{"version":"1.0","provider_name":"BircaHang","provider_url":"https:\/\/maxval.cafeblog.hu","author_name":"maxval bircaman","author_url":"https:\/\/maxval.cafeblog.hu\/author\/maxval1967gmail-com\/","title":"Szem(l\u00e9lek)forgat\u00e1s","html":"<!-- wp:paragraph -->\n<p>Azt <a href=\"https:\/\/szemlelek.net\/2020\/05\/22\/miert_nem_lehet_egy_down_szindromas_lany_az_ev_arca\">mondja<\/a> a Szeml\u00e9lek Blog nagy <strong>\u00e1lszenten<\/strong>: borzaszt\u00f3, hogy egy Down-k\u00f3ros nem lehet az \u00e9v arca.<\/p>\n<!-- \/wp:paragraph -->\n\n<!-- wp:paragraph -->\n<p>Persze mindenki tudja, a Down-k\u00f3r egyik sajn\u00e1latos jellemz\u0151je a <strong>torz <\/strong>tekintet. Ami pedig torz, az nem lehet sz\u00e9p. <\/p>\n<!-- \/wp:paragraph -->\n\n<!-- wp:paragraph -->\n<p>Ami pedig az \"\u00e9v arca\", annak valami <strong>kiv\u00e9telesen <\/strong>sz\u00e9pnek kell lennie, m\u00e1rpedig egy beteg, torz arc\u00fa gyerek nem nevezhet\u0151 sz\u00e9pnek. De ezt mindenki tudja, csak egyesek \u00fagy tesznek, mintha nem tudn\u00e1k. <\/p>\n<!-- \/wp:paragraph -->\n\n<!-- wp:image {\"align\":\"center\",\"id\":24466,\"sizeSlug\":\"large\"} -->\n<div class=\"wp-block-image\"><figure class=\"aligncenter size-large\"><img src=\"http:\/\/bircahang.org\/wp-content\/uploads\/2020\/05\/daun.png\" alt=\"\" class=\"wp-image-24466\" \/><\/figure><\/div>\n<!-- \/wp:image -->\n\n<!-- wp:paragraph -->\n<p>Szemforgat\u00e1s, ennyi az eg\u00e9sz. S gonoszs\u00e1g. T\u00f6bb szempontb\u00f3l is. El\u0151sz\u00f6r is a szavak kiforgat\u00e1sa. Ha nem gonoszs\u00e1g, akkor butas\u00e1g: a szerz\u0151 azt akarhatta mondani, ne rekessz\u00fck ki a betegeket, de ennek nem az a m\u00f3dja, hogy elhazudjuk betegs\u00e9g\u00fcket. Tov\u00e1bb\u00e1 mindez <strong>g\u00fany\u0171z\u00e9s <\/strong>az \u00e9rintett kisgyerekkel.<\/p>\n<!-- \/wp:paragraph -->\n\n<!-- wp:paragraph -->\n<p>P\u00e1r \u00e9ve a munkahelyemen a kar\u00e1csonyi bulin volt sz\u00e9ps\u00e9gkir\u00e1lyn\u0151v\u00e1laszt\u00e1s. S a koll\u00e9g\u00e1k \u00f6sszebesz\u00e9ltek, a <strong>legrond\u00e1bb <\/strong>csajt v\u00e1lasztott\u00e1k meg. Kedves csaj volt egy\u00e9bk\u00e9nt, de olyan 120 kil\u00f3s 165 centi magass\u00e1g mellett, plusz abszol\u00fat n\u0151ietlen. Persze a csaj r\u00f6gt\u00f6n \u00e9rtette, ez egy tr\u00e9fa, s j\u00f3t nevetett \u0151 is saj\u00e1t sz\u00e9ps\u00e9gkir\u00e1lyn\u0151s\u00e9g\u00e9n. Csak az a csaj feln\u0151tt, 25 \u00e9ves volt, nem \u00f6t\u00e9ves gyerek. <\/p>\n<!-- \/wp:paragraph -->\n\n<!-- wp:paragraph -->\n<p>J\u00f3 lenne, ha a liber\u00e1lis virtu\u00e1lis pedofilek b\u00e9k\u00e9n hagyn\u00e1k a gyerekeket, s k\u00fcl\u00f6n\u00f6sen a beteg gyerekeket...<\/p>\n<!-- \/wp:paragraph -->","type":"rich","thumbnail_url":null,"thumbnail_width":null,"thumbnail_height":null}