{"version":"1.0","provider_name":"BircaHang","provider_url":"https:\/\/maxval.cafeblog.hu","author_name":"maxval bircaman","author_url":"https:\/\/maxval.cafeblog.hu\/author\/maxval1967gmail-com\/","title":"Kisballiba \u00e9s a borz","html":"\n\t\t\t\t<!-- wp:paragraph -->\n<p>Sose szerettem a <strong>Kisp\u00e1l \u00e9s a borz<\/strong> nev\u0171 egy\u00fcttest. Nem kifejezetten az egy\u00fcttes miatt, hanem mert egyszer\u0171en nem hallgatok modern zen\u00e9t a 80-as \u00e9vek k\u00f6zepe \u00f3ta. Az\u00f3ta csak akkor \u00e9rtes\u00fcl\u00f6k valami nagy zenei \u00fajdons\u00e1gr\u00f3l, ha az m\u00e1r a \"csapb\u00f3l is folyik\".<\/p>\n<!-- \/wp:paragraph -->\n\n<!-- wp:paragraph -->\n<p>De ez csak kieg\u00e9sz\u00edt\u00e9s volt. A l\u00e9nyeg az ism\u00e9telt ballib <strong>\u00f6ng\u00f3l <\/strong>nevezett egy\u00fcttes alap\u00edt\u00f3j\u00e1val kapcsolatban.<\/p>\n<!-- \/wp:paragraph -->\n\n<!-- wp:paragraph -->\n<p>A ballib agytr\u00f6szt annyira elemi l\u00e9nyeg\u00e9nek tekinti a <strong>szellemi diktat\u00far\u00e1t<\/strong>, hogy m\u00e9g 10 \u00e9v ellenz\u00e9kis\u00e9g ut\u00e1n se k\u00e9pes l\u00e1t\u00e1sm\u00f3dj\u00e1n v\u00e1ltoztatni, de ak\u00e1rcsak enyh\u00edteni is.<\/p>\n<!-- \/wp:paragraph -->\n\n<!-- wp:paragraph -->\n<p>Persze abban <strong>igazuk <\/strong>van: a narrat\u00edv\u00e1k harc\u00e1ban kell gy\u0151zni, s annak szerves r\u00e9sze a szellemi harc, ahogy a t\u00f6rt\u00e9nelemszeml\u00e9letben, \u00fagy a kult\u00far\u00e1ban is. <\/p>\n<!-- \/wp:paragraph -->\n\n<!-- wp:paragraph -->\n<p>Csak h\u00e1t a j\u00f3 hadvez\u00e9r nem sz\u0171k\u00edti t\u00e1mogatotts\u00e1g\u00e1t, hanem <strong>sz\u00e9les\u00edti<\/strong>.<\/p>\n<!-- \/wp:paragraph -->\n\n<!-- wp:paragraph -->\n<p>N\u00e9zz\u00fck csak mi a helyzet! Adott egy j\u00f3nev\u0171, ismert kultur\u00e1lis szerepl\u0151, aki r\u00e1ad\u00e1sul alapvonalakban a ballibek h\u00edve, de semmik\u00e9ppen se r\u00e9sze a ballib kem\u00e9nymagnak, egyes \u00fcgyekben nem osztja a ballib \u00e1ll\u00e1spontot. Mi erre a ballib agytr\u00f6szt v\u00e1lasza? Az hogy \"<em>aki nincs mindenben vel\u00fcnk, az az ellens\u00e9g \u00fcgyn\u00f6ke<\/em>\", a ballib agytr\u00f6szt nem k\u00e9r ilyen nem teljesen p\u00e1nc\u00e9lozott h\u00edvekb\u0151l, az ilyeneket <strong>jobban <\/strong>ut\u00e1lja, mint az ellens\u00e9g k\u0151kem\u00e9ny embereit.<\/p>\n<!-- \/wp:paragraph -->\n\n<!-- wp:paragraph -->\n<p>A Fidesz siker\u00e9nek egyik oka, hogy a 2002-es veres\u00e9g ut\u00e1n lassan felhagyott ugyanezzel, azaz sz\u00e9les\u00edteni kezdett, \"jobbra\" is, \"balra\" is. A Fidesz hib\u00e1ja, hogy m\u00e9g mindig nem elegend\u0151 a sz\u00e9les\u00edt\u00e9s, de mindenesetre a Fideszre ma m\u00e1r sokkal kev\u00e9sb\u00e9 igaz a fenti szeml\u00e9let, hogy a semlegeseket, s\u0151t az ingadoz\u00f3 h\u00edveket <strong>l\u00f6kj\u00fck <\/strong>ink\u00e1bb \u00e1t az ellens\u00e9ghez, mintsem \"szennyezzenek\" minket, kriszt\u00e1lytiszta felesk\u00fcd\u00f6tt harcosokat.<\/p>\n<!-- \/wp:paragraph -->\n\n<!-- wp:paragraph -->\n<p>J\u00f3 p\u00e9lda k\u00f6z\u00e9letben erre a legnevesebb jelenlegi semleges megmond\u00f3ember, <strong>Puzs\u00e9r R\u00f3bert<\/strong>. Kb 10-szer t\u00f6bb t\u00e1mad\u00e1st kap a ballib, mint a fideszes oldalr\u00f3l. Mert a Fidesz hadvez\u00e9rei k\u00e9pesek az orrukn\u00e1l tov\u00e1bb l\u00e1tni, s felismerni: a semleges emberek ugyan k\u00f6zvetlen\u00fcl nem seg\u00edtik a Fideszt, de k\u00f6zvetve hasznosak, mert rombolj\u00e1k a ballib narrat\u00edv\u00e1t az egys\u00e9ges ellenz\u00e9ki \u00f6sszefog\u00e1sr\u00f3l.<\/p>\n<!-- \/wp:paragraph -->\n\n<!-- wp:paragraph -->\n<p>Persze, gyakorlati szempontb\u00f3l, csak \u00f6r\u00fclni lehet a ballib szeml\u00e9letnek. A ballibekre szerencs\u00e9re <strong>mindig <\/strong>lehet sz\u00e1m\u00edtani, amikor \u00f6nmaguk pof\u00e1nver\u00e9s\u00e9r\u0151l \u00e9s \u00f6ng\u00f3l r\u00fag\u00e1s\u00e1r\u00f3l van sz\u00f3.<\/p>\n<!-- \/wp:paragraph -->\n\n<!-- wp:image {\"id\":23659,\"align\":\"center\"} -->\n<div class=\"wp-block-image\"><figure class=\"aligncenter\"><img src=\"http:\/\/bircahang.org\/wp-content\/uploads\/2020\/02\/borz.jpg\" alt=\"\" class=\"wp-image-23659\" \/><\/figure><\/div>\n<!-- \/wp:image -->\t\t","type":"rich","thumbnail_url":null,"thumbnail_width":null,"thumbnail_height":null}