{"version":"1.0","provider_name":"BircaHang","provider_url":"https:\/\/maxval.cafeblog.hu","author_name":"maxval bircaman","author_url":"https:\/\/maxval.cafeblog.hu\/author\/maxval1967gmail-com\/","title":"\u00d3g\u00f6r\u00f6g m\u0171vek I.","html":"\n\t\t\t\t<!-- wp:paragraph -->\n<p>Egy ideje tervezem, hogy le\u00edrom p\u00e1r mondatban mindegyik m\u00e1ig hat\u00e1st kiv\u00e1lt\u00f3 <strong>\u00f3g\u00f6r\u00f6g <\/strong>m\u0171 t\u00f6rt\u00e9net\u00e9t.<\/p>\n<!-- \/wp:paragraph -->\n\n<!-- wp:paragraph -->\n<p>El\u0151sz\u00f6r <strong>1985<\/strong>-ben ker\u00fclt kezembe a 3 f\u0151 \u00f3g\u00f6r\u00f6g \u00edr\u00f3 \u00f6sszes m\u0171ve. A mai ember, amikor ezeket el\u0151sz\u00f6r olvassa, az az \u00e9rz\u00e9se t\u00e1mad, csupa gyerekes m\u0171botr\u00e1ny az eg\u00e9sz. Azt\u00e1n elmagyar\u00e1zta egy tan\u00e1rom, anakronizmus mai szemmel n\u00e9zni, ez sokszor \u00e9ppen az ellenkez\u0151 \u00e9rtelmez\u00e9st eredm\u00e9nyezi. tov\u00e1bb\u00e1 \"akkor az emberis\u00e9g fiatal volt\", az \u00e9rt\u00e9krend akkor m\u00e1s volt, ha esetleg az alapvet\u0151 erk\u00f6lcsi elvek <strong>ugyanazok <\/strong>is voltak..<\/p>\n<!-- \/wp:paragraph -->\n\n<!-- wp:paragraph {\"align\":\"center\"} -->\n<p style=\"text-align:center\"><strong>Aiszkh\u00fclosz<\/strong> - 7 fennmaradt m\u0171<\/p>\n<!-- \/wp:paragraph -->\n\n<!-- wp:paragraph -->\n<p><strong><em>A perzs\u00e1k<\/em><\/strong><\/p>\n<!-- \/wp:paragraph -->\n\n<!-- wp:paragraph -->\n<p>A perzsa birodalom f\u0151v\u00e1ros\u00e1ban, Szusz\u00e1ban (jelenleg: Sus, kisv\u00e1ros Ir\u00e1nban, az iraki hat\u00e1r mellett) az anyakir\u00e1lyn\u0151 v\u00e1rja a h\u00edrn\u00f6k\u00f6ket a g\u00f6r\u00f6g\u00f6k ellen csat\u00e1ba indult perzsa hader\u0151r\u0151l, s annak vezet\u0151j\u00e9r\u0151l, fi\u00e1r\u00f3l, Xerx\u00e9sz (Khsajarsa) kir\u00e1lyr\u00f3l. De rossz h\u00edrek j\u00f6nnek: a g\u00f6r\u00f6g\u00f6k megvert\u00e9k a perzs\u00e1kat <strong>Szalamiszn\u00e1l<\/strong>. Meg\u00e9rkezik maga Xerx\u00e9sz is, apj\u00e1nak, Dareiosz kir\u00e1lynak a szelleme pedig felsz\u00f3l\u00edtja a perzs\u00e1kat, t\u00f6bbet ne t\u00e1madjanak a g\u00f6r\u00f6g\u00f6kre.<\/p>\n<!-- \/wp:paragraph -->\n\n<!-- wp:paragraph -->\n<p><strong><em>A k\u00f6ny\u00f6rg\u0151k<\/em><\/strong><\/p>\n<!-- \/wp:paragraph -->\n\n<!-- wp:paragraph -->\n<p>Az egyiptomi <strong>Danaosz<\/strong>, aki az argoszi Io lesz\u00e1rmazottja, s \u00f6tven l\u00e1nya mened\u00e9ket k\u00e1r Argoszban. Az argoszi kir\u00e1ly v\u00e9delm\u00e9t k\u00e9rik. A v\u00e1ros a mened\u00e9k megad\u00e1sa mellett d\u00f6nt. K\u00f6zben azonban meg\u00e9rkeznek az egyiptomiak, akik er\u0151szakkal akarj\u00e1k elvinni embereiket. A g\u00f6r\u00f6g\u00f6k ellen\u00e1llnak, mire az egyiptomiak h\u00e1bor\u00faval fenyeget\u0151znek.<\/p>\n<!-- \/wp:paragraph -->\n\n<!-- wp:paragraph -->\n<p><strong><em>A lel\u00e1ncolt Prom\u00e9theusz<\/em><\/strong><\/p>\n<!-- \/wp:paragraph -->\n\n<!-- wp:paragraph -->\n<p>Zeusz b\u00fcntet\u00e9sb\u0151l a Kauk\u00e1zus elhagyott szikl\u00e1j\u00e1hoz <strong>l\u00e1ncoltatja <\/strong>Prom\u00e9theuszt.<\/p>\n<!-- \/wp:paragraph -->\n\n<!-- wp:paragraph -->\n<p>Az \u0151t v\u00edgasztol\u00f3 \u00d3keanosznak \u00e9s l\u00e1nyainak elmes\u00e9li boldogtalans\u00e1ga teljes t\u00f6rt\u00e9net\u00e9t. Zeusz az\u00e9rt b\u00fcntette meg, mert megtan\u00edtotta az embereket  a t\u0171zre, a csillag\u00e1szatra, a sz\u00e1mol\u00e1sra, az <strong>\u00edr\u00e1sra<\/strong>, a mez\u0151gazdas\u00e1gra,  a gy\u00f3gy\u00e1szatra a j\u00f3sl\u00e1sram az \u00e1sv\u00e1nyokra. Elmondja azt is, ismeri a titkot Zeusz uralm\u00e1nak v\u00e9g\u00e9r\u0151l. <\/p>\n<!-- \/wp:paragraph -->\n\n<!-- wp:paragraph -->\n<p>\u00d3keanosz felaj\u00e1nlja k\u00f6zbenj\u00e1r\u00e1s\u00e1t Zeuszn\u00e1l \u00e9rdek\u00e9ben, de Prom\u00e9theusz <strong>visszautas\u00edtja<\/strong>. Prom\u00e9theusz megj\u00f3solta, hogy tizenh\u00e1rom nemzed\u00e9k ut\u00e1n sz\u00fcletik meg az, aki megszabad\u00edtja \u0151t. <\/p>\n<!-- \/wp:paragraph -->\n\n<!-- wp:paragraph -->\n<p>Zeusz elk\u00fcldi Herm\u00e9szt, szedje ki Prom\u00e9theuszb\u00f3l a titkot, de sikertelen\u00fcl. Ez\u00e9rt plusz b\u00fcntet\u00e9sk\u00e9nt egy <strong>kesely\u0171t <\/strong>rendel ki mell\u00e9, aki folyamatosan eszi a m\u00e1j\u00e1t.<\/p>\n<!-- \/wp:paragraph -->\n\n<!-- wp:paragraph -->\n<p><strong><em>Heten Th\u00e9bai ellen<\/em><\/strong><\/p>\n<!-- \/wp:paragraph -->\n\n<!-- wp:paragraph -->\n<p>Th\u00e9bai \u00e9l\u00e9n <strong>Eteokl\u00e9sz <\/strong>kir\u00e1llyal v\u00e1rja a t\u00e1mad\u00e1st. A t\u00e1mad\u00f3 h\u00e9t vez\u00e9r egyike Eteokl\u00e9sz testv\u00e9re Pol\u00fcn\u00e9k\u00e9sz, vele szemben maga Eteokl\u00e9sz \u00e1ll ki annak ellen\u00e9re, hogy apjuk, Oidipusz megj\u00f3solta, a k\u00e9t testv\u00e9r egym\u00e1st fogja meg\u00f6lni. <\/p>\n<!-- \/wp:paragraph -->\n\n<!-- wp:paragraph -->\n<p>A Th\u00e9bai ellen t\u00e1mad\u00f3k vesztenek, de <strong>meghal <\/strong>a k\u00e9t ellens\u00e9ges testv\u00e9r. <\/p>\n<!-- \/wp:paragraph -->\n\n<!-- wp:paragraph -->\n<p>Testv\u00e9reik Antigon\u00e9 \u00e9s \u00e9s Iszm\u00e9n\u00e9 k\u00e9sz\u00fcleteket tesznek, hogy eltemess\u00e9k \u0151ket, de Th\u00e9bai tan\u00e1csa \u00fagy d\u00f6nt: a <strong>haza\u00e1rul\u00f3 <\/strong>Pol\u00fcn\u00e9k\u00e9sz nem kaphat temet\u00e9st. <\/p>\n<!-- \/wp:paragraph -->\n\n<!-- wp:paragraph -->\n<p><strong>Antigon\u00e9 <\/strong>fell\u00e1zad a d\u00f6nt\u00e9s ellen.<\/p>\n<!-- \/wp:paragraph -->\n\n<!-- wp:paragraph -->\n<p>S v\u00e9g\u00fcl egyetlen fennmaradt <strong>tril\u00f3gi\u00e1j\u00e1nak <\/strong>a 3 r\u00e9sze. <\/p>\n<!-- \/wp:paragraph -->\n\n<!-- wp:paragraph -->\n<p><strong><em>Agamemn\u00f3n<\/em><\/strong><\/p>\n<!-- \/wp:paragraph -->\n\n<!-- wp:paragraph -->\n<p>Argosz t\u00edz \u00e9v v\u00e1rakoz\u00e1s ut\u00e1n \u00f6r\u00f6mh\u00edrt kap: <strong>elesett <\/strong>Tr\u00f3ja. Az \u00f6r\u00f6m\u00f6t m\u00e9rs\u00e9klik az eml\u00e9kek, t\u00f6bbek k\u00f6z\u00f6tt az, hogy a hadj\u00e1rat siker\u00e9t Iphigeneia hercegn\u0151 hal\u00e1la alapozta meg, akit apja Agamemn\u00f3n fel\u00e1ldozott Artemisz isten parancs\u00e1ra. Visszaj\u00f6nnek az eml\u00e9kek a tr\u00f3jai h\u00e1bor\u00fa ok\u00e1r\u00f3l is, hogy Parisz tr\u00f3jai herceg elcs\u00e1b\u00edtotta Menalaosz sp\u00e1rtai kir\u00e1ly feles\u00e9g\u00e9t, Helen\u00e9t.<\/p>\n<!-- \/wp:paragraph -->\n\n<!-- wp:paragraph -->\n<p><strong>Kl\u00fctaimn\u1e17sztra <\/strong>kir\u00e1lyn\u0151 \u00f6r\u00f6m\u00f6t sz\u00ednlel, de k\u00f6zben bossz\u00fat tervez l\u00e1nya hal\u00e1la miatt. <\/p>\n<!-- \/wp:paragraph -->\n\n<!-- wp:paragraph -->\n<p>Meg\u00e9rkezik a kir\u00e1ly, vele zs\u00e1km\u00e1nya, a tr\u00f3jai j\u00f3sn\u0151 Kasszandra hercegn\u0151 is, aki megj\u00f3solja, Kl\u00fctaimn\u00e9sztra \u00e9s titkos szeret\u0151je, Aigiszthosz hamarosan bek\u00f6vetkez\u0151 <strong>b\u0171n\u00e9t<\/strong>. Kasszandra megpr\u00f3b\u00e1lja m\u00e9g megmenteni Agamemn\u00f3nt, de a k\u00e9t szeret\u0151 meg\u00f6lik \u0151t a kir\u00e1llyal egy\u00fctt.<\/p>\n<!-- \/wp:paragraph -->\n\n<!-- wp:paragraph -->\n<p>Kl\u00fctaimn\u1e17sztra elmondja, r\u00e9g\u00f3ta k\u00e9sz\u00fcl megbosszulni l\u00e1nya gyilkos\u00e1t, szeret\u0151je Aigiszthosz pedig elmondja, szint\u00e1n jogos bossz\u00fat \u00e1llt, hiszen Agamemn\u00f3n apja, Atreusz egykor meg\u00f6lte Aigiszthosz apj\u00e1nak, Th\u00fceszt\u00e9sznek m\u00e1sik h\u00e1rom fi\u00e1t, majd <strong>\u00e9telk\u00e9nt <\/strong>felszolg\u00e1lta \u0151ket Th\u00fceszt\u00e9sznek. (Ez bossz\u00fa volt Atreusz \u00e9s Th\u00fceszt\u00e9sz kor\u00e1bbi konfliktusa miatt, amikor Th\u00fceszt\u00e9sz csellel szerezte meg a tr\u00f3nt Atreusz el\u0151l: elcs\u00e1b\u00edtotta Atreusz feles\u00e9g\u00e9t, s az seg\u00edtett neki a tr\u00f3n megszerz\u00e9s\u00e9ben.)<\/p>\n<!-- \/wp:paragraph -->\n\n<!-- wp:paragraph -->\n<p>A m\u0171 v\u00e9g\u00e9n a j\u00f6v\u0151beli <strong>bossz\u00fa\u00e1ll\u00f3nak<\/strong>, Oreszt\u00e9sznek neve.<\/p>\n<!-- \/wp:paragraph -->\n\n<!-- wp:paragraph -->\n<p><strong><em>\u00c1ldozatviv\u0151k <\/em><\/strong><\/p>\n<!-- \/wp:paragraph -->\n\n<!-- wp:paragraph -->\n<p>\u00c9vekkel k\u00e9s\u0151bb, Oreszt\u00e9sz visszamegy Argoszba bar\u00e1tj\u00e1val, P\u00fclad\u00e9sszel, bossz\u00fat <strong>esk\u00fcsznek <\/strong>Agamemn\u00f3n s\u00edrja el\u0151tt. Gy\u00e1szmenet jelenik meg a s\u00edrn\u00e1l, k\u00f6zte \u00c9lektra, Oreszt\u00e9sz testv\u00e9re. A k\u00e9t testv\u00e9r felismeri egym\u00e1st. <\/p>\n<!-- \/wp:paragraph -->\n\n<!-- wp:paragraph -->\n<p>Oreszt\u00e9sz \u00e1lruh\u00e1ban bemegy anyj\u00e1hoz, s azt hazudja neki, Oreszt\u00e9sz hal\u00e1l\u00e1nak h\u00edr\u00e9t hozza. Kl\u00fctaimn\u00e9sztra h\u00edvja f\u00e9rj\u00e9t k\u00f6z\u00f6lni vele az \u00f6r\u00f6mh\u00edrt. Oreszt\u00e9sz el\u0151bb meg\u00f6li Aigiszthoszt, majd r\u00f6vid <strong>haboz\u00e1s <\/strong>ut\u00e1n saj\u00e1t anyj\u00e1t is.<\/p>\n<!-- \/wp:paragraph -->\n\n<!-- wp:paragraph -->\n<p>Azonban <strong>lelkiismeretfurdal\u00e1sa <\/strong>t\u00e1mad Oreszt\u00e9sznek az anyagyilkoss\u00e1g miatt, s Apoll\u00f3n v\u00e9delm\u00e9t k\u00e9ri. <\/p>\n<!-- \/wp:paragraph -->\n\n<!-- wp:paragraph -->\n<p><strong><em>Eumenid\u00e1k<\/em><\/strong><\/p>\n<!-- \/wp:paragraph -->\n\n<!-- wp:paragraph -->\n<p>Apoll\u00f3n seg\u00edt Oreszt\u00e9sznek Ath\u00e9nbe menek\u00fclni. Kl\u00fctaimn\u00e9sztra szelleme <strong>f\u00fari\u00e1kat <\/strong>k\u00fcld ut\u00e1na. A f\u00fari\u00e1k panaszkodnak Apoll\u00f3nnak, mi\u00e9rt v\u00e9delmez egy anyagyilkost, de Apoll\u00f3n megv\u00e9di Oreszt\u00e9sz tett\u00e9t.<\/p>\n<!-- \/wp:paragraph -->\n\n<!-- wp:paragraph -->\n<p>Oreszt\u00e9sz megkapja Ath\u00e9na istenn\u0151 v\u00e9delm\u00e9t, de d\u00f6nt\u00e9s sz\u00fcletik: az ath\u00e9ni <strong>Areiosz Pagosz<\/strong> d\u00f6nts\u00f6n v\u00e9gleg a gyilkos \u00fcgy\u00e9ben. Apoll\u00f3n mint \u00fcgyv\u00e9dje szerepel a t\u00e1rgyal\u00e1son. Ath\u00e9na a gyilkos felment\u00e9s\u00e9re szavaz, \u00edgy lesz egyenl\u0151 az el\u00edt\u00e9l\u0151 \u00e9s a felment\u0151 szavazatok sz\u00e1ma, azaz nem kap t\u00f6bbs\u00e9get az elmarasztal\u00f3 \u00edt\u00e9let, teh\u00e1t Oreszt\u00e9szt felmentik.<\/p>\n<!-- \/wp:paragraph -->\n\n<!-- wp:paragraph -->\n<p>Ath\u00e9na <strong>meggy\u0151zi<\/strong> a haragos f\u00fari\u00e1kat, fogadj\u00e1k el Ath\u00e9n v\u00e1ros h\u00f3dolat\u00e1t. <\/p>\n<!-- \/wp:paragraph -->\n\n<!-- wp:paragraph {\"align\":\"center\"} -->\n<p style=\"text-align:center\"><strong>Szophokl\u00e9sz<\/strong> - 7 fennmaradt m\u0171 <\/p>\n<!-- \/wp:paragraph -->\n\n<!-- wp:paragraph -->\n<p><strong><em>Aiasz<\/em><\/strong><\/p>\n<!-- \/wp:paragraph -->\n\n<!-- wp:paragraph -->\n<p>Aiasz <strong>m\u00e9rges<\/strong>, hogy nem \u0151 kapta meg az elesett Akhilleusz fegyvereit, Od\u00fcsszeusz figyeli Aiasz tetteit, megjelenik neki Ath\u00e9n\u00e9, aki elmondja, elhitette Aiasszal, hogy a hadsereg marhacsord\u00e1ja a hadvezet\u00e9s, \u00edgy Aiasz az \u00e1llatokon \u00e9lte ki bossz\u00fav\u00e1gy\u00e1t.<\/p>\n<!-- \/wp:paragraph -->\n\n<!-- wp:paragraph -->\n<p>Od\u00fcsszeusz <strong>sz\u00e1nakozva <\/strong>l\u00e1tja Aiasz \u0151rj\u00f6ng\u00e9s\u00e9t.<\/p>\n<!-- \/wp:paragraph -->\n\n<!-- wp:paragraph -->\n<p>Az \u0151r\u00fclet elm\u00fal\u00e1sakor azonban a baj m\u00e9g nagyobb, Aiasz r\u00e1d\u00f6bben mit m\u0171velt, <strong>sz\u00e9gyen\u00e9ben <\/strong>\u00f6ngyilkoss\u00e1gra k\u00e9sz\u00fcl.<\/p>\n<!-- \/wp:paragraph -->\n\n<!-- wp:paragraph -->\n<p>Aiasz k\u00e9ts\u00e9gbees\u00e9se nem csillapodik, se bar\u00e1tai, se feles\u00e9ge v\u00edgasztal\u00e1s\u00e1ra. Aiasz v\u00e9g\u00fcl nyugalmat <em>sz\u00ednlel<\/em>, hogy a t\u00f6bbiek ne akd\u00e1lyozhass\u00e1k meg sz\u00e1nd\u00e9k\u00e1ban.<\/p>\n<!-- \/wp:paragraph -->\n\n<!-- wp:paragraph -->\n<p>Aiasz elmegy. H\u00edrmond\u00f3 j\u00f6n Aiasz testv\u00e9r\u00e9nek, Teukrosznak a  parancs\u00e1val, ne legyen mag\u00e1ra hagyva Aiasz, met Kalkhasz j\u00f3s <strong>megj\u00f3solta<\/strong>, ma lesz a hal\u00e1la.<\/p>\n<!-- \/wp:paragraph -->\n\n<!-- wp:paragraph -->\n<p>Aiasz k\u00f6zben k\u00e9sz\u00fcl v\u00e9get vetni \u00e9let\u00e9nek. Kis haboz\u00e1s ut\u00e1n <strong>\u00f6ngyilkos <\/strong>is lesz.<\/p>\n<!-- \/wp:paragraph -->\n\n<!-- wp:paragraph -->\n<p>Testv\u00e9re, Teukrosz v\u00e9delme al\u00e1 veszi Aiasz fi\u00e1t, Euruszak\u00e9szt, s k\u00e9sz\u00fcl Aiasz m\u00e9lt\u00f3 <strong>eltemet\u00e9s\u00e9re<\/strong>. De megjelenik Menelaosz is, aki nem engedi a temet\u00e9st. <\/p>\n<!-- \/wp:paragraph -->\n\n<!-- wp:paragraph -->\n<p>A konfliktust Od\u00fcsszeusz <strong>k\u00f6zbel\u00e9p\u00e9se <\/strong>g\u00e1tolja meg, aki b\u00e1r Aiasz ellens\u00e9ge volt, tisztelte \u0151t, \u00edgy r\u00e9veszi Agamemn\u00f3nt, parancsolja meg a temet\u00e9s v\u00e9grehajt\u00e1s\u00e1t.<\/p>\n<!-- \/wp:paragraph -->\n\n<!-- wp:paragraph -->\n<p><strong><em>Trakhiszi n\u0151k<\/em><\/strong><\/p>\n<!-- \/wp:paragraph -->\n\n<!-- wp:paragraph -->\n<p><strong>H\u00e9rakl\u00e9sz <\/strong>hal\u00e1l\u00e1nak t\u00f6rt\u00e9nete.<\/p>\n<!-- \/wp:paragraph -->\n\n<!-- wp:paragraph -->\n<p>Trakhiszban \u00e9l H\u00e9rakl\u00e9sz feles\u00e9g\u00e9vel, <strong>D\u00e9jan\u00e9r\u00e1val<\/strong>, Oineusz kal\u00fcdoni kir\u00e1ly l\u00e1ny\u00e1val.<\/p>\n<!-- \/wp:paragraph -->\n\n<!-- wp:paragraph -->\n<p>Oda fel\u00e9 vezet\u0151 \u00fatjuk sor\u00e1n D\u00e9jan\u00e9r\u00e1t <strong>Nesszosz <\/strong>kentaur seg\u00edtette, aki azonban illetlen\u00fcl viselkedett vele, ez\u00e9rt H\u00e9rakl\u00e1sz meg\u00f6lte \u0151t.<\/p>\n<!-- \/wp:paragraph -->\n\n<!-- wp:paragraph -->\n<p>A kentaur hal\u00e1la el\u0151tt azt a tan\u00e1csot adja D\u00e9jan\u00e9r\u00e1nak, hogy \u0151rizze meg v\u00e9r\u00e9t, mert az szerelmi <strong>b\u00e1jitalk\u00e9nt <\/strong>haszn\u00e1lhat\u00f3.<\/p>\n<!-- \/wp:paragraph -->\n\n<!-- wp:paragraph -->\n<p>K\u00e9s\u0151bb amikor H\u00e9rakl\u00e9sz h\u00e1bor\u00fazik, foglyul ejti t\u00f6bbek k\u00f6z\u00f6tt Jol\u00e9t, Eur\u00fctosz oikhaliai kir\u00e1ly l\u00e1ny\u00e1t is, akibe <strong>szerelmes <\/strong>lett Herakl\u00e9sz.<\/p>\n<!-- \/wp:paragraph -->\n\n<!-- wp:paragraph -->\n<p>D\u00e9jan\u00e9ra nagyon f\u00e9lt\u00e9keny lesz, \u00edgy a kentaurv\u00e9rbe m\u00e1rt egy k\u00f6nt\u00f6st, s azt elk\u00fcldi f\u00e9rj\u00e9nek. Azonban hamarosan r\u00e1d\u00f6bben, hogy a szer nem szerelmi var\u00e1zst okoz, hanem <strong>hal\u00e1los <\/strong>\u00e9g\u00e9si s\u00e9r\u00fcl\u00e9seket. A n\u0151 ezut\u00e1n k\u00e9ts\u00e9gbees\u00e9s\u00e9ben \u00f6ngyilkos lesz.<\/p>\n<!-- \/wp:paragraph -->\n\n<!-- wp:paragraph -->\n<p>K\u00f6zben a k\u00f6nt\u00f6s m\u00e1r azonban eljutott H\u00e9rakl\u00e9szhez, akinek az hal\u00e1los s\u00e9r\u00fcl\u00e9seket okoz. H\u00e9rakl\u00e9sz meg\u00e9rti, el\u00e9rt \u00e9lete v\u00e9g\u00e9re, s beteljes\u00fclt a j\u00f3slat, hogy nem \u00e9l\u0151l\u00e9ny fogja okozni hal\u00e1l\u00e1t, hanem <strong>halott <\/strong>l\u00e9ny. Hal\u00e1la el\u0151tt m\u00e9g megparancsolja fi\u00e1nak, vigye fel \u0151t az Oit\u00e9-hegy cs\u00facs\u00e1ra, s ott \u00e9gesse el holttest\u00e9t. <\/p>\n<!-- \/wp:paragraph -->\n\n<!-- wp:image {\"id\":22975,\"align\":\"center\"} -->\n<div class=\"wp-block-image\"><figure class=\"aligncenter\"><img src=\"http:\/\/bircahang.org\/wp-content\/uploads\/2019\/12\/oite-800x315.png\" alt=\"\" class=\"wp-image-22975\" \/><figcaption> az Oit\u00e9-hegy ma<\/figcaption><\/figure><\/div>\n<!-- \/wp:image -->\n\n<!-- wp:paragraph -->\n<p><strong><em>Antigon\u00e9<\/em><\/strong><\/p>\n<!-- \/wp:paragraph -->\n\n<!-- wp:paragraph -->\n<p>A m\u00e1r eml\u00edtett <strong>Heten Th\u00e9bai ellen<\/strong>ben szerepl\u0151 temet\u00e9s \u00e9s k\u00f6vetkezm\u00e9nyeinek r\u00e9szletez\u00e9se.  <\/p>\n<!-- \/wp:paragraph -->\n\n<!-- wp:paragraph -->\n<p>Antigon\u00e9 <strong>fell\u00e1zad <\/strong>a d\u00f6nt\u00e9s ellen, hogy testv\u00e9r\u00e9t. Pol\u00fcn\u00e9k\u00e9szt nem temetheti el, mivel a v\u00e1ros tan\u00e1csa szerint \u0151t haza\u00e1rul\u00e1sa miatt nem illeti meg a tisztess\u00e9ges temet\u00e9s joga.<\/p>\n<!-- \/wp:paragraph -->\n\n<!-- wp:paragraph -->\n<p>Az \u00faj kir\u00e1ly, Kre\u00f3n kimondja, <strong>hal\u00e1los <\/strong>\u00edt\u00e9let j\u00e1r a d\u00f6nt\u00e9s megszeg\u0151j\u00e9nek, ennek ellen\u00e9re Antigon\u00e9 nem engedelmeskedik. H\u00edvja testv\u00e9r\u00e9t, Iszm\u00e9n\u00e9t, \u0151 is seg\u00e9dkezzen a temet\u00e9sben, megadva a v\u00e9gtisztess\u00e9get testv\u00e9r\u00fcknek. Iszm\u00e9n\u00e9 azonban nemet mond, \u00edgy Antigon\u00e9 megharagszik r\u00e1, majd egyed\u00fcl k\u00e9sz\u00fcl testv\u00e9ri k\u00f6teless\u00e9g\u00e9t teljes\u00edteni. <\/p>\n<!-- \/wp:paragraph -->\n\n<!-- wp:paragraph -->\n<p>M\u00e1snap jelentik Kre\u00f3nnak, ismeretlenek <strong>eltemett\u00e9k <\/strong>Pol\u00fcn\u00e9k\u00e9szt a tilt\u00e1s ellen\u00e9re. Leleplezik Antigon\u00e9t, aki azonban nem b\u00e1nja meg b\u0171n\u00e9t, s\u0151t kijelenti: az isteni t\u00f6rv\u00e9nyt nem <strong>\u00edrhatja <\/strong>fel\u00fcl emberi t\u00f6rv\u00e9ny.<\/p>\n<!-- \/wp:paragraph -->\n\n<!-- wp:paragraph -->\n<p>Kre\u00f3n <strong>hal\u00e1lra <\/strong>\u00edt\u00e9li a le\u00e1nyt, kiv\u00e9gz\u00e9s\u00e9nek m\u00f3dja: sziklabarlangba z\u00e1r\u00e1s \u00e9tlen-szomjan. Iszm\u00e9n\u00e9 bel\u00e1tja hib\u00e1j\u00e1t, hogy nem t\u00e1mogatta testv\u00e9r\u00e9t, saj\u00e1t mag\u00e1t szint\u00e9n b\u0171n\u00f6snek vallja Pol\u00fcn\u00e9k\u00e9sz eltemet\u00e9s\u00e9ben, de Antigon\u00e9 meghazudtolja \u0151t, \u00edgy Iszm\u00e9n\u00e9t nem \u00edt\u00e9lik el.<\/p>\n<!-- \/wp:paragraph -->\n\n<!-- wp:paragraph -->\n<p>Kre\u00f3n fia, <strong>Haim\u00f3n<\/strong>, aki Antigon\u00e9 v\u0151leg\u00e9nye, se k\u00e9pes m\u00e1s bel\u00e1t\u00e1sra b\u00edrni saj\u00e1t apj\u00e1t. <\/p>\n<!-- \/wp:paragraph -->\n\n<!-- wp:paragraph -->\n<p>K\u00e9s\u0151bb Kre\u00f3n r\u00e1d\u00f6bben hib\u00e1j\u00e1ra, de m\u00e1r <strong>k\u00e9s\u0151<\/strong>: Antigon\u00e9 m\u00e1r halott, mellette pedig Haim\u00f3n fekszik holtan, aki \u00f6ngyilkos lett menyasszonya hal\u00e1la miatt. <\/p>\n<!-- \/wp:paragraph -->\n\n<!-- wp:paragraph -->\n<p><strong>Eur\u00fcdik\u00e9 <\/strong>kir\u00e1lyn\u00e9 is \u00f6ngyilkos leszfia hal\u00e1la miatt.<\/p>\n<!-- \/wp:paragraph -->\n\n<!-- wp:paragraph -->\n<p>Kre\u00f3n <strong>meg\u00e9rti<\/strong>: az isteni t\u00f6rv\u00e9nyek ellen nem szabad fell\u00e9pni.<\/p>\n<!-- \/wp:paragraph -->\n\n<!-- wp:paragraph -->\n<p><strong><em>Oidipusz kir\u00e1ly<\/em><\/strong><\/p>\n<!-- \/wp:paragraph -->\n\n<!-- wp:paragraph -->\n<p>Az eml\u00edtett <strong>Heten Th\u00e9bai ellen<\/strong>ben szerepl\u0151 Oidipusz kir\u00e1ly m\u00e9g Th\u00e9bai kir\u00e1lya.<\/p>\n<!-- \/wp:paragraph -->\n\n<!-- wp:paragraph -->\n<p>A v\u00e1rost <strong>j\u00e1rv\u00e1ny <\/strong>puszt\u00edtja. A kir\u00e1ly a delphoi j\u00f3s tan\u00e1cs\u00e1t k\u00e9ri, aki elmondja: a v\u00e9sz oka, hogy az el\u0151z\u0151 kir\u00e1ly, Laiosz gyilkosa b\u00fcntetlen. <\/p>\n<!-- \/wp:paragraph -->\n\n<!-- wp:paragraph -->\n<p>Oidipusz maga kezdi felkutatni a gyilkos kil\u00e9t\u00e9t. Egyed\u00fcl T\u00e9resziasz j\u00f3s tudja a v\u00e1laszt, de \u0151 f\u00e9l elmondani az igazs\u00e1got a kir\u00e1lynak, aki ezt t\u00e9vesen \u00fagy \u00e9rtelmezi hogy T\u00e9resziasz a gyilkos. Ekkor a j\u00f3s el\u00e1rulja: maga a kir\u00e1ly a gyilkos. Oidipusz nem hisz neki, s\u0151t <strong>meggyan\u00fas\u00edtja<\/strong>: T\u00e9resziasz egy\u00fctt Iokaszt\u00e9 kir\u00e1lyn\u0151 b\u00e1tyj\u00e1val, Kre\u00f3nnal \u00e1llnak a gyilkoss\u00e1g m\u00f6g\u00f6tt.<\/p>\n<!-- \/wp:paragraph -->\n\n<!-- wp:paragraph -->\n<p>A kir\u00e1lyn\u0151 megnyugtatja f\u00e9rj\u00e9t: sok esetben a j\u00f3sok t\u00e9vednek, l\u00e1m hi\u00e1ba j\u00f3solt\u00e1k meg Laiosz <strong>meggyilkol\u00e1s\u00e1t <\/strong>fia \u00e1ltal, ez nem k\u00f6vetkezett be.<\/p>\n<!-- \/wp:paragraph -->\n\n<!-- wp:paragraph -->\n<p>Amikor Oidipusz k\u00e9rdez\u0151sk\u00f6dni kezd Laiosz hal\u00e1l\u00e1nak <strong>k\u00f6r\u00fclm\u00e9nyeir\u0151l<\/strong>, lassan r\u00e1d\u00f6bben: <strong>\u0151 <\/strong>volt a gyilkosa. <\/p>\n<!-- \/wp:paragraph -->\n\n<!-- wp:paragraph -->\n<p>K\u00f6zben h\u00edrek j\u00f6nnek Korinthoszb\u00f3l, hogy meghalt Pol\u00fcbosz kir\u00e1ly, akit Oidipusz apj\u00e1nak hisz. De a korinthoszi fut\u00e1r azzal nyugtatja meg Oidipuszt, \u0151 csak fogadott fia volt a korinthoszi kir\u00e1lyi csal\u00e1dnak, annak idej\u00e9n \u0151 tal\u00e1lta meg az erd\u0151ben a <strong>csecsem\u0151 <\/strong>Oidipuszt, akit azt\u00e1n \u00f6r\u00f6kbe fogadott a korinthoszi kir\u00e1lyi p\u00e1r.<\/p>\n<!-- \/wp:paragraph -->\n\n<!-- wp:paragraph -->\n<p>Iokaszt\u00e9 is meg\u00e9rti: a f\u00e9rje a fia. Annak idej\u00e9n \u0151 tettette ki csecsem\u0151 fi\u00e1t az erd\u0151be. (\u00cdgy akart\u00e1k elker\u00fclni az apagyilkoss\u00e1g j\u00f3slat val\u00f3rav\u00e1lt\u00e1s\u00e1t.) <strong>\u00d6ngyilkos <\/strong>lesz ez\u00e9rt.<\/p>\n<!-- \/wp:paragraph -->\n\n<!-- wp:paragraph -->\n<p>Oidipusz is r\u00e1\u00e9bred: meg\u00f6lte apj\u00e1t, s <strong>feles\u00e9g\u00fcl <\/strong>vette saj\u00e1t anyj\u00e1t. K\u00e9ts\u00e9gbees\u00e9s\u00e9ben megvak\u00edtja saj\u00e1t mag\u00e1t.<\/p>\n<!-- \/wp:paragraph -->\n\n<!-- wp:paragraph -->\n<p>\u00c1tveszi  a hatalmat <strong>Kre\u00f3n <\/strong>mint Oidipusz \u00e9s Iokaszt\u00e9 gyermeinek gy\u00e1mja. <\/p>\n<!-- \/wp:paragraph -->\n\n<!-- wp:paragraph -->\n<p><strong><em>\u00c9lektra<\/em><\/strong><\/p>\n<!-- \/wp:paragraph -->\n\n<!-- wp:paragraph -->\n<p><strong>Aiszkh\u00fclosz <\/strong>Oreszt\u00e9sz-tril\u00f3gi\u00e1j\u00e1hoz kapcsol\u00f3d\u00f3 t\u00f6rt\u00e9net, a t\u00f6rt\u00e9net tulajdonk\u00e9ppen azonos az <strong>\u00c1ldozatviv\u0151k<\/strong>\u00e9vel. <\/p>\n<!-- \/wp:paragraph -->\n\n<!-- wp:paragraph -->\n<p>Oreszt\u00e9sz meg\u00e9rkezik <strong>M\u00fck\u00e9n\u00e9be <\/strong>(itt M\u00fck\u00e9n\u00e9be, nem az egy\u00e9bk\u00e9nt k\u00f6zeli Argoszba, ahogy Aiszkh\u00fclosz m\u0171v\u00e9ben) P\u00fclad\u00e9sszel, hogy Apoll\u00f3n parancsa alapj\u00e1n bossz\u00fat \u00e1lljon apja, Agamemn\u00f3n meggyilkol\u00e1sa miatt. A terv szerint Oreszt\u00e9sz mag\u00e1t idegen h\u00edrn\u00f6knek kiadva anyj\u00e1nak, Kl\u00fctaimnesztr\u00e1nak \u00e9s f\u00e9rj\u00e9nek, Aigiszthosznak saj\u00e1t hal\u00e1lh\u00edr\u00e9t fogja k\u00f6z\u00f6lni, majd meg\u00f6li \u0151ket.<\/p>\n<!-- \/wp:paragraph -->\n\n<!-- wp:paragraph -->\n<p>\u00c9lektra, Oreszt\u00e9sz testv\u00e9re, b\u00faslakodik, mi\u00e9rt nincs m\u00e9g megbosszulva apja. \u00c9lektra panaszkodik testv\u00e9r\u00e9re, Khr\u00fcszothemiszre is, aki anyja megbiz\u00e1s\u00e1b\u00f3l \u00e1ldozati adom\u00e1nyokat visz Agamemn\u00f3n <strong>s\u00edrj\u00e1ra<\/strong>, ugyanis Kl\u00fctaimn\u00e9sztr\u00e1nak rossz \u00e1lmai vannak el\u0151z\u0151 f\u00e9rj\u00e9nek meg\u00f6l\u00e9se miatt. <\/p>\n<!-- \/wp:paragraph -->\n\n<!-- wp:paragraph -->\n<p>Kl\u00fctaimn\u00e9sztra megkapja  Oreszt\u00e9sz hal\u00e1l\u00e1nak <strong>hamis <\/strong>h\u00edr\u00e9t, \u00f6r\u00f6m\u00e9ben megh\u00edvja a palot\u00e1ba a h\u00edrviv\u0151t, aki az \u00e1lruh\u00e1s Oreszt\u00e9sz.<\/p>\n<!-- \/wp:paragraph -->\n\n<!-- wp:paragraph -->\n<p>Khr\u00fcszothemisz elmes\u00e9li \u00c9lektr\u00e1nak, Oreszt\u00e9sz hazat\u00e9rt, de nem hisz neki, ehelyett arra akarja r\u00e1venni testv\u00e9r\u00e9t, seg\u00edtsen neki <strong>meggyilkolni <\/strong>Aigiszthoszt. de Khr\u00fcszothemisz nemet mond.<\/p>\n<!-- \/wp:paragraph -->\n\n<!-- wp:paragraph -->\n<p>Oreszt\u00e9sz felfedi mag\u00e1t \u00c9lektra el\u0151tt. Majd elindul megval\u00f3s\u00edtani terv\u00e9t. \u00c9lektra a palotaa el\u0151tt \u00e1llva halja anyja hal\u00e1l\u00e1t. Megjelenik Aigiszthosz is, aki r\u00e1d\u00f6bben, feles\u00e9g\u00e9t meg\u00f6lt\u00e9k, majd felismeri Oreszt\u00e9szt, s felk\u00e9sz\u00fcl saj\u00e1t hal\u00e1l\u00e1ra, amit <strong>ugyanazon <\/strong>a helyen hajt v\u00e9gre Oreszt\u00e9sz, ahol annak idej\u00e9n apja lett meggyilkolva.<\/p>\n<!-- \/wp:paragraph -->\n\n<!-- wp:paragraph -->\n<p><strong><em>Philokt\u00e9t\u00e9sz<\/em><\/strong><\/p>\n<!-- \/wp:paragraph -->\n\n<!-- wp:paragraph -->\n<p>Philoktet\u00e9sz 9 \u00e9ve <strong>Lemnoszon <\/strong>van, sebes\u00fcl\u00e9se miatt hagyta itt \u0151t a g\u00f6r\u00f6g sereg. <\/p>\n<!-- \/wp:paragraph -->\n\n<!-- wp:paragraph -->\n<p>De kider\u00fclt, a j\u00f3slat szerint H\u00e9rakl\u00e9sz <strong>nyila <\/strong>n\u00e9lk\u00fcl nem lehet bevenni Tr\u00f3j\u00e1t, az pedig Philoktet\u00e9szn\u00e9l van. <\/p>\n<!-- \/wp:paragraph -->\n\n<!-- wp:paragraph -->\n<p>A g\u00f6r\u00f6g sereg Od\u00fcsszeuzst k\u00fcldi el Lemnoszra, aki Akhilles fi\u00e1val, Neoptolemosszal megy el Philoktet\u00e9szhez. A terv: Neoptolemosz mondja azt,. az Atreusz-csal\u00e1d r\u00e9sz\u00e9r\u0151l igazs\u00e1gtalans\u00e1g \u00e9rte, ezzel nyerje meg Philoktet\u00e9szt, aki gy\u0171l\u00f6li az Atreusz-csal\u00e1dot, majd a megfelel\u0151 pillanatban vegye el az <strong>\u00edjat <\/strong>t\u0151le..<\/p>\n<!-- \/wp:paragraph -->\n\n<!-- wp:paragraph -->\n<p>Philoktet\u00e9sz elhisz mindent, s k\u00e9ri az ifjat, vigye \u0151t is mag\u00e1val haza. M\u00e9g az \u00edjat is r\u00e1b\u00edzza Neoptolemoszta. Mindenk\u00e9ppen el akarja <strong>ker\u00fclni <\/strong>a seg\u00edts\u00e9gny\u00fajt\u00e1st a g\u00f6r\u00f6g\u00f6knek, mert haragszik cserben hagy\u00e1sa miatt. <\/p>\n<!-- \/wp:paragraph -->\n\n<!-- wp:paragraph -->\n<p>Neoptolemosznak azonban lelkifurdal\u00e1sa t\u00e1mad, hogy <strong>becsapja <\/strong>Philoktet\u00e9szt, \u00edgy el\u00e1rulja neki az eg\u00e9sz tervet. Neoptolemosz visszaadja az \u00edjat Philoktet\u00e9sznek, aki r\u00e1veszi Neoptolemoszt, vigye \u0151t mag\u00e1val haza.<\/p>\n<!-- \/wp:paragraph -->\n\n<!-- wp:paragraph -->\n<p>V\u00e9g\u00fcl megjelenik Herakl\u00e9szz, aki megparancsolja Philoktet\u00e9sznek, induljon Tr\u00f3j\u00e1ba, seg\u00edteni a g\u00f6r\u00f6g seregnek. Philoktet\u00e9sz sz\u00f3t fogad az isteni <strong>parancsnak<\/strong>.<\/p>\n<!-- \/wp:paragraph -->\n\n<!-- wp:paragraph -->\n<p><strong><em>Oidipusz Kol\u00f3noszban<\/em><\/strong><\/p>\n<!-- \/wp:paragraph -->\n\n<!-- wp:paragraph -->\n<p>Az  <strong>Oidipusz kir\u00e1ly<\/strong>hoz k\u00e9pest \u00e9vekkel k\u00e9s\u0151bb, Oidipusz Kol\u00f3noszban van, l\u00e1ny\u00e1val Antigon\u00e9val. El\u0171zt\u00e9k Th\u00e9baib\u00f3l fiai, csak l\u00e1nyai maradtak h\u0171ek hozz\u00e1: Antigon\u00e9 vele van, Iszm\u00e9n\u00e9 pedig otthon Th\u00e9baiban.<\/p>\n<!-- \/wp:paragraph -->\n\n<!-- wp:paragraph -->\n<p>K\u00f6zben h\u00edr j\u00f6n Th\u00e9baib\u00f3l: a k\u00e9t testv\u00e9r - Oidipusz fiai - <strong>\u00f6sszevesztek<\/strong>,  Eteokl\u00e9sz el\u0171zte Pol\u00fcn\u00e9k\u00e9szt, aki most fegyveres er\u0151vel k\u00e9sz\u00fcl Th\u00e9ba ellen. <\/p>\n<!-- \/wp:paragraph -->\n\n<!-- wp:paragraph -->\n<p>A h\u00edrhoz\u00f3 elmondja azt is, hogy egy \u00fajabb j\u00f3slat szerint <strong>legy\u0151zhetetlen <\/strong>lesz az orsz\u00e1g, melynek f\u00f6ld\u00e9ben Oidipusz el lesz temetve, ez\u00e9rt nemsok\u00e1ra meg fog \u00e9rkezni Kre\u00f3n, hogy Oidipuszt mag\u00e1val vigye, haljon meg Th\u00e9baiban. <\/p>\n<!-- \/wp:paragraph -->\n\n<!-- wp:paragraph -->\n<p>Oidipusz azonban \u00e1tkot mond fiaira, nem hajland\u00f3 hazat\u00e9rni. \u00cdgy Th\u00e9szeusz  kol\u00f3noszi uralkod\u00f3 <strong>oltalm\u00e1t <\/strong>k\u00e9ri, aki teljes\u00edti is ezt: amikor Kre\u00f3n meg\u00e9rkezik fegyvereseivel, nem adja \u00e1t neki Oidipuszt.<\/p>\n<!-- \/wp:paragraph -->\n\n<!-- wp:paragraph -->\n<p>Oidipusz k\u00f6zben m\u00e9gis fogadja fia Pol\u00fcn\u00e9k\u00e9sz l\u00e1togat\u00e1s\u00e1t, de amikor az apja \u00e1ld\u00e1s\u00e1t k\u00e9ri testv\u00e9re elleni harc\u00e1ra ezt megtagadja, s megism\u00e9tli: a k\u00e9t testv\u00e9r <strong>egym\u00e1st <\/strong>fogja meg\u00f6lni.<\/p>\n<!-- \/wp:paragraph -->\n\n<!-- wp:paragraph -->\n<p>Oidipusz \u00e9rzi <strong>hal\u00e1la <\/strong>k\u00f6zeledt\u00e9t. V\u00e9g\u00fcl az istenek elragadj\u00e1k, \u00e9lve ker\u00fcl az alvil\u00e1gba.<\/p>\n<!-- \/wp:paragraph -->\n\n<!-- wp:paragraph -->\n<p>Antigon\u00e9 \u00e9s Iszm\u00e9n\u00e9 visszamennek Th\u00e9baiba, szeretn\u00e9k <strong>megg\u00e1tolni <\/strong>fiv\u00e9reik gyilkos viadal\u00e1t. <\/p>\n<!-- \/wp:paragraph -->\n\n<!-- wp:image {\"id\":23081,\"align\":\"center\"} -->\n<div class=\"wp-block-image\"><figure class=\"aligncenter\"><img src=\"http:\/\/bircahang.org\/wp-content\/uploads\/2019\/12\/grdw.png\" alt=\"\" class=\"wp-image-23081\" \/><figcaption>A. = Ath\u00e9n, L. = Lemnosz, T. = Tr\u00f3ja, D. = Delphoi, Au. = Aulisz, Te. = Thessz\u00e1lia, Ta. = Taurisz, Th. = Th\u00e9bai, M. = M\u00fck\u00e9n\u00e9, Ar, = Argosz, S. = Sp\u00e1rta<\/figcaption><\/figure><\/div>\n<!-- \/wp:image -->\n\n<!-- wp:paragraph {\"align\":\"center\"} -->\n<p style=\"text-align:center\"><em>k\u00fcl\u00f6n cikkben folytatom<\/em><\/p>\n<!-- \/wp:paragraph -->\t\t","type":"rich","thumbnail_url":null,"thumbnail_width":null,"thumbnail_height":null}