{"version":"1.0","provider_name":"BircaHang","provider_url":"https:\/\/maxval.cafeblog.hu","author_name":"maxval bircaman","author_url":"https:\/\/maxval.cafeblog.hu\/author\/maxval1967gmail-com\/","title":"Lekv\u00e1r a pinc\u00e9ben","html":"\n\t\t\t\t<!-- wp:paragraph -->\n<p>Meghalt a lak\u00e1s tulajdonosa, egy \u00f6reg <strong>n\u00e9ni<\/strong>. Az \u00f6r\u00f6k\u00f6s az \u00e9ppen elv\u00e1lt 50 k\u00f6r\u00fcli fia, aki sose k\u00f6lt\u00f6z\u00f6tt be, azonnal el akarta adni. El is adta p\u00e1r h\u00f3napon bel\u00fcl.<\/p>\n<!-- \/wp:paragraph -->\n\n<!-- wp:paragraph -->\n<p>Az ing\u00f3s\u00e1gokat is eladta, s amit nem lehetett, azt elaj\u00e1nd\u00e9kozta. Mert <strong>Ausztr\u00e1li\u00e1ba <\/strong>k\u00f6lt\u00f6z\u00f6tt, a tiszt\u00e1n kapott kb. 100 ezer eur\u00f3nyi \u00f6sszeg pont el\u00e9g volt egy \u00faj \u00e9let k\u00e9nyelmes elkezd\u00e9s\u00e9hez egy m\u00e1sik kontinensen (plusz volt m\u00e9g kb. ugyannyi p\u00e9nze), de ahov\u00e1 t\u00fal dr\u00e1ga lett volna b\u00e1rmit is fizikailag elvinni.<\/p>\n<!-- \/wp:paragraph -->\n\n<!-- wp:paragraph -->\n<p>Azt\u00e1n az \u00faj tulaj megtal\u00e1lt a pinc\u00e9ben egy rozoga \u00e1lv\u00e1nyt, rajta 25-30 \u00fcveg h\u00e1zi <strong>lekv\u00e1rral<\/strong>. P\u00f3kh\u00e1l\u00f3s, poros \u00fcvegekben.<\/p>\n<!-- \/wp:paragraph -->\n\n<!-- wp:paragraph -->\n<p>Kidobta az eg\u00e9szet szem\u00e9tk\u00e9nt. P\u00e1r egy\u00e9b pincei kacattal egy\u00fctt. Kidob\u00e1s k\u00f6zben el is t\u00f6rt egy \u00fcveg, s \u00fagy t\u0171nt, <strong>ehet\u0151 <\/strong>a kifolyt lekv\u00e1r, semmi baja. Deh\u00e1t akkor minek dobja ki? Retteg\u0151 \u00e9s modern v\u00e1rosi emberk\u00e9nt nem merte \u00e9lelemk\u00e9nt felhaszn\u00e1lni, ez volt a val\u00f3s ok.<\/p>\n<!-- \/wp:paragraph -->\n\n<!-- wp:paragraph -->\n<p>Azzal nyugtatgatta azt\u00e1n l\u00e1zadoz\u00f3 lelkiismeret\u00e9t, hogy k\u00f6zben \u00e9ppen megj\u00f6tt a kuk\u00e1hoz egy guber\u00e1l\u00f3 cig\u00e1ny, aki m\u00e9g r\u00e1 is k\u00e9rdezett \"van m\u00e9g a lekv\u00e1rb\u00f3l?\".<\/p>\n<!-- \/wp:paragraph -->\n\n<!-- wp:paragraph -->\n<p>Sose szerette a cig\u00e1nyokat, de ebben a pillanatban sokkal <strong>al\u00e1val\u00f3bbnak <\/strong>\u00e9rezte mag\u00e1t a legrosszabb gett\u00f3cig\u00e1nyn\u00e1l.<\/p>\n<!-- \/wp:paragraph -->\t\t","type":"rich","thumbnail_url":null,"thumbnail_width":null,"thumbnail_height":null}