{"version":"1.0","provider_name":"BircaHang","provider_url":"https:\/\/maxval.cafeblog.hu","author_name":"maxval bircaman","author_url":"https:\/\/maxval.cafeblog.hu\/author\/maxval1967gmail-com\/","title":"Szenilis \u00f6regember?","html":"Van ez a modern ballib \u00e9rvel\u00e9s, hogy aki kritiz\u00e1lja Sorost, az h\u00fclye, mert egy tehetetlen aggastty\u00e1nt\u00f3l retteg minden ok n\u00e9lk\u00fcl.<!--more-->\n\n<a href=\"http:\/\/bircahang.org\/wp-content\/uploads\/2018\/05\/sorsly.jpeg\"><img class=\"alignright size-full wp-image-16577\" src=\"http:\/\/bircahang.org\/wp-content\/uploads\/2018\/05\/sorsly.jpeg\" alt=\"\" width=\"283\" height=\"178\" \/><\/a>Durva <strong>lekics\u00ednyl\u00e9se<\/strong> ez Soros gazd\u00e1nak. \u0150 egy komoly messianisztikus \u00e9rzelmekkel meg\u00e1ldott ember, s semmk\u00e9ppen sem elmebeteg. S k\u00f6zeled\u0151 hal\u00e1la sz\u00e1m\u00e1ra csak m\u00e9g egy \u00e9rv, hogy l\u00e9pjen fel m\u00e9g\u00a0kem\u00e9nyebben. Az ilyen t\u00edpus\u00fa ember hal\u00e1la napj\u00e1ig agyban friss.\n\nAz ellenfelei nem n\u00e9zik le Sorost, mi\u00e9rt n\u00e9zik le \u0151t a h\u00edvei? Ki \u00e9rti ezt.\n\nS term\u00e9szetesen Soros nem b\u0171nbak, hanem <strong>v\u00e9tkes<\/strong> gazember.\n\nS persze\u00a0Soros csak egy <strong>jelk\u00e9p<\/strong>. Amikor meghal Soros, a probl\u00e9ma m\u00e9g meg fog maradni. Soros nem egyenl\u0151 a \u00e1tt\u00e9rhatalommal, \u0151 csak az egyik l\u00e1ncszeme. Egyszer\u0171en \u0151\u00a0t\u00e9rs\u00e9g\u00fcnkben a \"l\u00e1thatatlan k\u00e9z\" l\u00e1that\u00f3 arca. Emiatt m\u00e9g azt is neki r\u00f3j\u00e1k fel, amir\u0151l nem is tehet.\n\nAnnak az er\u0151nek a jelk\u00e9pe \u0151, mely rabos\u00edtani akar minket, meglopva minket, s m\u00e9g <strong>b\u00f3logat\u00e1st<\/strong> is v\u00e1r ez\u00e9rt. M\u00e1ra nincs orsz\u00e1g a t\u00e9rs\u00e9gben, ahol Soros neve ne lenne a rossz\u00a0szinon\u00edm\u00e1ja.\n\nDe <strong>len\u00e9zni<\/strong> \u0151t senki se n\u00e9zi le. <strong>Sose n\u00e9zd le az ellens\u00e9get<\/strong>, ahogy mondta Szun-Dzu.","type":"rich","thumbnail_url":null,"thumbnail_width":null,"thumbnail_height":null}