{"version":"1.0","provider_name":"BircaHang","provider_url":"https:\/\/maxval.cafeblog.hu","author_name":"maxval bircaman","author_url":"https:\/\/maxval.cafeblog.hu\/author\/maxval1967gmail-com\/","title":"Az ember\u00f6l\u00e9s etik\u00e1ja","html":"Az \u00f6nv\u00e9delem alapvet\u0151, elidegen\u00edthetetlen jog.\n\nAlapelve az ar\u00e1nyoss\u00e1g.<!--more-->\n\n<a href=\"http:\/\/bircahang.org\/wp-content\/uploads\/2018\/05\/death.jpg\"><img class=\"alignright size-medium wp-image-16335\" src=\"http:\/\/bircahang.org\/wp-content\/uploads\/2018\/05\/death-300x192.jpg\" alt=\"\" width=\"300\" height=\"192\" \/><\/a>Mind az egy\u00e9n, mind a k\u00f6z\u00f6ss\u00e9g <strong>jogosult<\/strong> r\u00e1. Ez az emberi b\u00fcntet\u0151jog alapja.\n\nAki b\u00e1r ember, de nem emberi m\u00f3don viselkedik, az <strong>mor\u00e1lisan<\/strong> nem ember. Mor\u00e1lisan meg\u00e9rdemli a hal\u00e1lt. Nem embert \u00f6l\u00fcnk meg, hanem emberszab\u00e1s\u00fa k\u00e1rt\u00e9kony l\u00e9nyt.\n\nA hal\u00e1lb\u00fcntet\u00e9s ellen <strong>egyetlen<\/strong> \u00e9rv\u00e9nyes \u00e9rvet ismerek: a b\u00edr\u00f3s\u00e1g t\u00e9vedhet, \u00edgy \u00e1rtatlan ember hal meg. Azonban jobban belem\u00e9lyedve, ez az \u00e9rv\u00a0hamis, hiszen ezen az alapon a b\u00f6rt\u00f6nb\u00fcntet\u00e9s se alkalmazhat\u00f3, mert az is lehet t\u00e9ved\u00e9s. S - minden ellenkez\u0151 h\u00edresztel\u00e9ssel ellent\u00e9tben - a\u00a0b\u00f6rt\u00f6nb\u00fcntet\u00e9s sem csin\u00e1lhat\u00f3 vissza. Hi\u00e1ba minden esetleges k\u00e9s\u0151bbi k\u00e1rt\u00e9r\u00edt\u00e9s, az csak enyh\u00edtheti a k\u00e1rt. Sokkal <strong>s\u00falyosabb<\/strong> traum\u00e1t lehet valakinek okozni egy igaztalan, hossz\u00fa b\u00f6rt\u00f6nb\u00fcntet\u00e9ssel, mint kiv\u00e9gz\u00e9s\u00e9vel.\n\nAzaz a j\u00f3l megindokolt hal\u00e1lb\u00fcntet\u00e9s mor\u00e1lis alapon <strong>semmik\u00e9ppen<\/strong> se vethet\u0151 el.\n\nAmi nem igazolhat\u00f3 mor\u00e1lisan az a kegyetlens\u00e9g, az embertelens\u00e9g. A hal\u00e1lra \u00e9rdemes embert akkor se szabad kegyetlen m\u00f3don megfosztani \u00e9let\u00e9t\u0151l, ha az kegyetlen\u00fcl viselkedett. Mi\u00e9rt? Mert a kegyetlen b\u00e1n\u00e1sm\u00f3ddal saj\u00e1t lelk\u00fcnket <strong>romboljuk<\/strong>. Mi csak tiszt\u00edtjuk a teret, de nem lelj\u00fck \u00f6r\u00f6m\u00fcnket az \u00f6l\u00e9sben, hiszen nem olyan vagyunk, mint \u0151, aki meg\u00e9rdemelte a hal\u00e1lt.\n\nAhogy mondtam, a k\u00e1rt\u00e9kony ember likvid\u00e1l\u00e1sa egyfajta term\u00e9szetes \u00f6nv\u00e9delem. Ahogy m\u00e9rget tesz\u00fck a patk\u00e1nyok ellen. A patk\u00e1nyokra nem haragszunk egy\u00e9bk\u00e9nt, csak szeretn\u00e9nk \u0151ket t\u00e1vol tartani, nem akarunk ellen\u00fck v\u00e9res bossz\u00fat se \u00e1llni. Ahogy a patk\u00e1nyt se k\u00ednozzuk meg meg\u00f6l\u00e9se el\u0151tt, \u00fagy az\u00a0emberpatk\u00e1nyt se. Vagy ahogy az elfogyasztand\u00f3 \u00e1llatot is szimpl\u00e1n lev\u00e1gjuk, de nem k\u00ednozzuk meg. Ha megk\u00ednozzuk \u0151t, azzal magunkr\u00f3l bizony\u00edtjuk, hogy valami <strong>nincs rendben<\/strong> vel\u00fcnk.\n\nHal\u00e1l nem csak ember\u00f6l\u00e9s\u00e9rt j\u00e1r, s nem minden ember\u00f6l\u00e9s\u00e9rt j\u00e1r hal\u00e1l. A modern vil\u00e1gban sokkal <strong>nagyobb<\/strong> k\u00e1r okozhat\u00f3 form\u00e1lis ember\u00f6l\u00e9s n\u00e9lk\u00fcl, mint ami egy ember\u00e9let kiolt\u00e1s\u00e1t eredm\u00e9nyez\u0151, de nem aljas b\u0171ncselekm\u00e9nnyel. Egy drogd\u00edler pl. hal\u00e1lt \u00e9rdemel, m\u00edg egy embert hal\u00e1lra g\u00e1zol\u00f3 sof\u0151r nem felt\u00e9tlen\u00fcl.\n\nHal\u00e1lt osztani jogosult az \u00e1llam els\u0151 helyen. M\u00e1sodik helyen maga a k\u00f6z\u00f6ss\u00e9g, ha az \u00e1llam tehetetlen k\u00f6zvetlen vagy k\u00f6zvetett okb\u00f3l. S harmadik helyen maga az egy\u00e9n is jogosult kez\u00e9be venni a pallost \u00e9s <strong>les\u00fajtani<\/strong> vele.","type":"rich","thumbnail_url":null,"thumbnail_width":null,"thumbnail_height":null}