{"version":"1.0","provider_name":"BircaHang","provider_url":"https:\/\/maxval.cafeblog.hu","author_name":"maxval bircaman","author_url":"https:\/\/maxval.cafeblog.hu\/author\/maxval1967gmail-com\/","title":"Orb\u00e1n \u00e9s Soros","html":"A ballib\u00e1k intenz\u00edven g\u00e1gognak Orb\u00e1n volt Soros-\u00f6szt\u00f6nd\u00edjasi st\u00e1tusza miatt.\u00a0<!--more-->\n\nMi is a val\u00f3s\u00e1g?\n\nOrb\u00e1nnak ki lett szemelve a 80-as \u00e9vek v\u00e9g\u00e9n, mert az egyik legtehets\u00e9gesebb politikusnak tartotta \u0151t a h\u00e1tt\u00e9rhatalom. H\u00e1t fogt\u00e1k, simogatt\u00e1k, p\u00e9nzelt\u00e9k, pici p\u00e1rtj\u00e1t sikeresen <strong>benyomt\u00e1k<\/strong> a parlamentbe.\n\nAzt\u00e1n mi lett: a l\u00e1ncos kutya elkezdett gondolkodni, s arra jutott: fel\u00fclvizsg\u00e1lja az \u00f6sszes addigi tant \u00e9s \u00e1t\u00e1ll a n\u00e9p oldal\u00e1ra.\n\nA h\u00e1tt\u00e9rhatalom meg <strong>d\u00fch\u00f6ng<\/strong>, nincs egyszer\u0171en jelenleg m\u00e1s magyar politikus, akit k\u00e9pes lenne ki\u00e1ll\u00edtani Orb\u00e1n ellen. Tal\u00e1n csak Gyurcs\u00e1nynak van meg a sz\u00fcks\u00e9ges szellemi k\u00e9pess\u00e9ge, de \u0151 - b\u00e1r t\u00e1mogatja a h\u00e1tt\u00e9rhatalmi elnyom\u00e1st - szint\u00e9n t\u00fal \u00f6nfej\u0171 alak, akit nem lehet alak\u00edtani. Meg m\u00e1r t\u00fal \u00f6reg is ehhez.\n\n\u00cdgy Soros\u00e9k most k\u00e9ts\u00e9gbeesetten keresnek valaki \u00fajat, aki ki\u00e1llhatna \u00e9rdekeik k\u00e9rlelhetetlen k\u00e9pviselet\u00e9re. De jellemz\u0151en minden kiszemelt alak hipergyorsan bukik, l\u00e1sd esztergomi polg\u00e1rmester, \u00e9hs\u00e9gmenetel\u0151 milli\u00e1rdosok csicsk\u00e1sa, Pumukli, Fekete \u00e9s Feh\u00e9r N\u00f6v\u00e9r, N\u0151v\u00e9r a sz\u00fcrke 50 \u00e1rnyalat\u00e1ban, stb.\n<div class=\"comment\">\n<div>A ballib\u00e1k most intenz\u00edven zsid\u00f3znak, mintha a h\u00e1tt\u00e9rhatalmak emleget\u00e9se antiszemitizmus lenne. Pedig ezzel csak azt mondj\u00e1k el: szerint\u00fck a h\u00e1tt\u00e9rhatalom zsid\u00f3kb\u00f3l \u00e1ll \u00e9s zsid\u00f3 \u00e9rdekeket k\u00e9pvisel. Ki az <strong>igazi antiszemita<\/strong> teh\u00e1t?<\/div>\n<\/div>\n<div class=\"comment\">\n<div><\/div>\n<div>Hozz\u00e1teszem: Orb\u00e1n nyilv\u00e1nval\u00f3an k\u00e9nytelen lesz \u00e9rezhet\u0151 eredm\u00e9nyeket is felmutatni, mert ellenkez\u0151 esetben meg fog bukni. Az \"a ballibek rossszabbak n\u00e1lam\" \u00e9rv 2018-ban m\u00e9g m\u0171k\u00f6dni fog, de 2022-ben m\u00e1r nem.<\/div>\n<\/div>\nEz\u00e9rt fontos addigra kialak\u00edtani olyan Orb\u00e1n elleni ellenz\u00e9ket, mely nem ballib ir\u00e1nyults\u00e1g\u00fa. Ez az orsz\u00e1g \u00e9rdeke.\n\nHa ism\u00e9t Soros csicsk\u00e1sai veszik \u00e1t a hatalmat, az trag\u00e9dia lenne.","type":"rich"}