{"version":"1.0","provider_name":"BircaHang","provider_url":"https:\/\/maxval.cafeblog.hu","author_name":"maxval bircaman","author_url":"https:\/\/maxval.cafeblog.hu\/author\/maxval1967gmail-com\/","title":"A Facebook \u00e1prilis elsejei tr\u00e9f\u00e1ja","html":"Egy gond van a tr\u00e9f\u00e1val: nem tr\u00e9fa, hanem komoly.<!--more-->\n\nA nem-szem\u00e9lyes profilok kezel\u00e9s\u00e9t tot\u00e1lisan megv\u00e1ltoztatta a Facebook. A folyamat m\u00e9g tavaly kezd\u0151d\u00f6tt el, most sajnos el\u00e9rt Kelet-Eur\u00f3p\u00e1ba.\n\nA \"nagyszer\u0171\" \u00faj\u00edt\u00e1sok egyik eleme, hogy imm\u00e1r <strong>nem lehet<\/strong> a nem-szem\u00e9lyes profilokkal (azaz az \u00fczleti profilokkal, b\u00e1r ide nem csak az \u00fczletiek tartoznak, hanem minden m\u00e1s is) bel\u00e9pni, hanem egy \u00faj eszk\u00f6zt, a <a href=\"http:\/\/business.facebook.com\">Business Manager<\/a>t kell haszn\u00e1lni. \u00d6nmag\u00e1ban ez nem is lenne akkora hatalmas baj, ha tov\u00e1bbra is <strong>lehetne l\u00e1tni<\/strong> a h\u00edrfolyamot. De nem lehet: egyes profilokn\u00e9l NINCS h\u00edrfolyam.\n\nVan egy humoros profilom, ott l\u00e1that\u00f3 a h\u00edrfolyam, \u00edme:\n\n<a href=\"http:\/\/bircahang.org\/wp-content\/uploads\/2016\/04\/hml-fb.png\" rel=\"attachment wp-att-11543\"><img class=\"aligncenter size-large wp-image-11543\" src=\"http:\/\/bircahang.org\/wp-content\/uploads\/2016\/04\/hml-fb-1024x576.png\" alt=\"hml-fb\" width=\"1024\" height=\"576\" \/><\/a>\n\nA h\u00edrfolyamon csak a BircaHang posztjai l\u00e1that\u00f3ak, de ennek oka: csak ezt az oldalt l\u00e1jkoltam a humoros profilom nev\u00e9ben.\n\nViszont a BircaHang M\u00e9dia profilj\u00e1n NINCS t\u00f6bb\u00e9 h\u00edrfolyam, s sehogy se tudom visszahozni, \u00edme mi l\u00e1that\u00f3, csak egy \u00fcres oldal:\n\n<a href=\"http:\/\/bircahang.org\/wp-content\/uploads\/2016\/04\/bh-fb.png\" rel=\"attachment wp-att-11542\"><img class=\"aligncenter size-large wp-image-11542\" src=\"http:\/\/bircahang.org\/wp-content\/uploads\/2016\/04\/bh-fb-1024x576.png\" alt=\"bh-fb\" width=\"1024\" height=\"576\" \/><\/a>\n\nPedig t\u00f6bb EZER l\u00e1jkolt oldalam van itt, de most egyiket se l\u00e1tom.\n\nA probl\u00e9ma nem egyedi, <strong>tele van a t\u00e9m\u00e1val<\/strong> egy rak\u00e1s f\u00f3rum, de \u00e1ltal\u00e1nos megold\u00e1s sehol. Ha valakinek lenne \u00f6tlete, <strong>v\u00e1rom azt<\/strong>.\n\nA szem\u00e9lyes oldalamon minden a r\u00e9gi, de azzal csak saj\u00e1t k\u00e9t oldalamat l\u00e1jkoltam, ill. itt vannak m\u00e9g egyes vitacsoportok (oda nem lehet nem-szem\u00e9lyes profillal jelentkezni) \u00e9s szem\u00e9lyes ismer\u0151s\u00f6k:\n\n<a href=\"http:\/\/bircahang.org\/wp-content\/uploads\/2016\/04\/mxvl-fb.png\" rel=\"attachment wp-att-11544\"><img class=\"aligncenter size-large wp-image-11544\" src=\"http:\/\/bircahang.org\/wp-content\/uploads\/2016\/04\/mxvl-fb-1024x576.png\" alt=\"mxvl-fb\" width=\"1024\" height=\"576\" \/><\/a>","type":"rich"}