{"version":"1.0","provider_name":"BircaHang","provider_url":"https:\/\/maxval.cafeblog.hu","author_name":"maxval bircaman","author_url":"https:\/\/maxval.cafeblog.hu\/author\/maxval1967gmail-com\/","title":"Balk\u00e1ni muszlimok","html":"A k\u00fcls\u0151 szeml\u00e9l\u0151 nem \u00e9rti gyakran, mi az oka annak, hogy a Balk\u00e1non a muszlim hit automatikusan <strong>kiz\u00e1r\u00f3 ok<\/strong> egyes nemzetekhez val\u00f3 tartoz\u00e1st illet\u0151en.<!--more-->\n\nEz egyfajta etnovall\u00e1si ok, hasonl\u00f3an a zsid\u00f3khoz, ahol a judaizmust\u00f3l elt\u00e9r\u0151 vall\u00e1s felv\u00e9tel\u00e9vel a zsid\u00f3 ember kiz\u00e1rja mag\u00e1t a zsid\u00f3 n\u00e9pb\u0151l (azaz ateista lehet, ez nem gond, de m\u00e1s vall\u00e1s\u00fa nem). Ez m\u00e1ig \u00edgy van: a messianisztikus zsid\u00f3kat (azaz a J\u00e9zusban h\u00edv\u0151, de magukat tov\u00e1bbra is zsid\u00f3nak tekint\u0151ket) \u00e9s a k\u00fcl\u00f6nf\u00e9le m\u00e1s kereszt\u00e9ny felekezetekhez csatlakozott zsid\u00f3t a zsid\u00f3 k\u00f6z\u00f6ss\u00e9g radik\u00e1lis r\u00e9sze idegennek tekinti, de m\u00e9g a m\u00e9rs\u00e9keltek is legal\u00e1bbis gyan\u00fasnak, akkor is, ha a zsid\u00f3 ember kereszt\u00e9ny hite valamilyen kereszt\u00e9ny cionista, radik\u00e1lisan diszpenszacionalista<em>*<\/em> \u00fajprotest\u00e1ns felekezet\u0171 (mint amilyen pl. Magyarorsz\u00e1gon Hit Gy\u00fclekezete).\n\nA Balk\u00e1non ugyanez van m\u00e9rs\u00e9kelt form\u00e1ban: azaz a nemzettag felvehet b\u00e1rmilyen vall\u00e1st, <strong>csak az iszl\u00e1mot nem veheti fel<\/strong>, ez az a vall\u00e1s, mellyel kiz\u00e1rja mag\u00e1t a k\u00f6z\u00f6ss\u00e9gb\u0151l.\n\nA t\u00f6rt\u00e9nelmi oka ennek az, hogy a balk\u00e1ni n\u00e9pek az iszl\u00e1mot els\u0151sorban mint a <strong>t\u00f6r\u00f6k\u00f6k vall\u00e1s\u00e1t<\/strong> fogt\u00e1k fel. Mind a bolg\u00e1r, mind a szerb n\u00e9pmes\u00e9kben gyakori kifejez\u00e9s a \u201et\u00f6r\u00f6k hit\u201d, s az iszl\u00e1mra val\u00f3 \u00e1tt\u00e9r\u00e9st gyakran \u201et\u00f6r\u00f6kk\u00e9 v\u00e1l\u00e1snak\u201d tekintett\u00e9k. Ezt er\u0151s\u00edtette a T\u00f6r\u00f6k (pontosabban: Oszm\u00e1n) Birodalom alkotm\u00e1nyos rendje, mely vall\u00e1si alap\u00fa volt: voltak teljesjog\u00fa alattval\u00f3k \u00e9s korl\u00e1tozott jog\u00e1ll\u00e1s\u00fa alattval\u00f3k. Minden muszlim teljesjog\u00fa alattval\u00f3 volt, nemzetis\u00e9gt\u0151l f\u00fcggetlen\u00fcl: T\u00f6r\u00f6korsz\u00e1gban nem l\u00e9tezett nemzetis\u00e9gi alap\u00fa diszkrimin\u00e1ci\u00f3, minden muszlim alattval\u00f3nak teljesen azonos jogai \u00e9s lehet\u0151s\u00e9gei voltak, pl. a szult\u00e1n ut\u00e1n m\u00e1sodik sz\u00e1m\u00fa tiszts\u00e9get, a nagyvez\u00e9ri posztot gyakrabban t\u00f6lt\u00f6tt\u00e9k be nem-t\u00f6r\u00f6k\u00f6k, mint t\u00f6r\u00f6k\u00f6k, s muszlim hitre \u00e1tt\u00e9rt k\u00fclf\u00f6ldinek is megvolt minden es\u00e9lye a f\u00e9nyes karrierre, de gondolhatunk ak\u00e1r a k\u00e9sei XIX. sz\u00e1zadi esem\u00e9nyekre is, amikor pl. a Magyarorsz\u00e1gon sokat dics\u00e9rt lengyel \u00e1rul\u00f3, J\u00f3zef Bem az iszl\u00e1m felv\u00e9tele ut\u00e1n Murad pasa n\u00e9ven a mai sz\u00edriai Alepp\u00f3i Korm\u00e1nyz\u00f3s\u00e1g vezet\u0151je lehetett.\n\nA Balk\u00e1nra az iszl\u00e1m kiz\u00e1r\u00f3lag a t\u00f6r\u00f6k h\u00f3d\u00edt\u00e1ssal ker\u00fclt, a XIV. sz\u00e1zadt\u00f3l kezd\u0151d\u0151en.\n\nA f\u0151 terjed\u00e9si m\u00f3dszerei:\n<ul>\n\t<li>muszlimok (els\u0151sorban, de nem kiz\u00e1r\u00f3lag t\u00f6r\u00f6k\u00f6k) betelep\u00fcl\u00e9se,<\/li>\n\t<li>er\u0151szakos t\u00e9r\u00edt\u00e9s - b\u00e1r az iszl\u00e1m teol\u00f3gia tiltja a kereszt\u00e9nyek er\u0151szakos t\u00e9r\u00edt\u00e9s\u00e9t, a val\u00f3s\u00e1gban ezt sokszor nem tartott\u00e1k be egyes t\u00falbuzg\u00f3 muszlimok,<\/li>\n\t<li>\u00f6nk\u00e9ntes \u00e1tt\u00e9r\u00e9s - ennek f\u0151 oka teljes jog\u00fa alattval\u00f3i st\u00e1tusz el\u00e9r\u00e9se, s term\u00e9eszetes gazdas\u00e1gi el\u0151ny\u00f6k megszerz\u00e9se volt: a muszlimok t\u00f6bbek k\u00f6z\u00f6tt mentes\u00fcltek a legt\u00f6bb ad\u00f3 al\u00f3lt t\u00f6bbek k\u00f6z\u00f6tt, valamint jogosultak voltak f\u00f6ldbirtokra.<\/li>\n<\/ul>\nMuszlimok betelep\u00edt\u00e9se sosem t\u00f6rt\u00e9nt a vazallus \u00e1llamokban \u00e9s a hat\u00e1rvid\u00e9keken, ez\u00e9rt ilyesmi nem volt se Magyarorsz\u00e1gon, se Horv\u00e1torsz\u00e1gban, se Erd\u00e9lyben, se Havasalf\u00f6ld\u00f6n, se Moldov\u00e1ban. Az ilyen ter\u00fcletekre csakis tiszts\u00e9gvisel\u0151k \u00e9s katonas\u00e1g ment, de sosem volt szervezett telep\u00edt\u00e9s.\n\nAz <strong>\u00f6nk\u00e9ntes \u00e1tt\u00e9r\u00e9s<\/strong> f\u0151 ter\u00fclete Alb\u00e1nia \u00e9s Bosznia volt. Az <strong>alb\u00e1n<\/strong> f\u00f6ldbirtokosok t\u00f6megesen vett\u00e9k fel a muszlim hitet, hogy megtarthass\u00e1k f\u00f6ldbirtokaikat az \u00faj, t\u00f6r\u00f6k rendben is, majd p\u00e9ld\u00e1jukat k\u00f6vette a lakoss\u00e1g t\u00f6bbi r\u00e9sze is. Csak egyes vid\u00e9keken maradt meg a t\u00f6bbs\u00e9gi kereszt\u00e9ny hit az alb\u00e1nok k\u00f6r\u00e9ben. Ma az alb\u00e1nok 80-85 %-a muszlim.\n\nA m\u00e1sik ilyen ter\u00fclet <strong>Bosznia<\/strong>. Ott \u00e1llamvall\u00e1ss\u00e1 v\u00e1lt \u00e9s egyben a lakoss\u00e1g nagy r\u00e9sz\u00e9nek hit\u00e9ve lett a bogumilizmus \u2013 ez egy kereszt\u00e9ny alap\u00fa, de val\u00f3j\u00e1ban a kereszt\u00e9nys\u00e9ggel ellenkez\u0151 tan\u00edt\u00e1s\u00fa, er\u0151sen szinkretikus vall\u00e1s. A bogumilok teljes eg\u00e9sz\u00e9ben \u00e1t is t\u00e9rtek a t\u00f6r\u00f6k uralom alatt az iszl\u00e1mra. \u0150k a mai bosny\u00e1kok el\u0151dei.\n\nHol a legmagasabb a Balk\u00e1non a muszlimok ar\u00e1nya? Term\u00e9szetesen T\u00f6r\u00f6korsz\u00e1gban (99,6 %), Koszov\u00f3ban (96,2 %), Alb\u00e1ni\u00e1ban (68,4 %) \u2013 e 3 orsz\u00e1gban ez az abszol\u00fat t\u00f6bbs\u00e9gi vall\u00e1s. Etnikailag a t\u00f6r\u00f6korsz\u00e1gi muszlimok t\u00f6r\u00f6k\u00f6k, kurdok \u00e9s arabok.\n\nKoszov\u00f3ban a muszlimok 95 %-a alb\u00e1n nemzetis\u00e9g\u0171, a t\u00f6bbi: cig\u00e1ny, bosny\u00e1k, t\u00f6r\u00f6k \u00e9s<strong>gor\u00e1n<\/strong> (r\u00f3luk m\u00e9g lesz sz\u00f3).\n\nAlb\u00e1ni\u00e1ban a muszlimok 99 %-a alb\u00e1n nemzetis\u00e9g\u0171 alb\u00e1n, a t\u00f6bbi cig\u00e1ny.\n\n\u00c9rdekes eleve a Balk\u00e1non a cig\u00e1ny helyzet: jellemz\u0151, hogy egyes cig\u00e1ny t\u00f6rzsek \u00e1tt\u00e9rtek az iszl\u00e1mra, m\u00edg m\u00e1sok nem. Jellemz\u0151en alkalmazkodtak a t\u00f6bbs\u00e9gi lakoss\u00e1ghoz e tekintetben, ez\u00e9rt alb\u00e1n \u00e9s t\u00f6r\u00f6k k\u00f6rnyezetben a cig\u00e1nyok jellemz\u0151en muszlimok lettek, m\u00edg m\u00e1shol maradtak kereszt\u00e9nyek.\n\nA m\u00e1sik v\u00e9glet, ahol alig vannak muszlimok. A korabeli Habsburg Birodalom ter\u00fclet\u00e9r\u0151l minden muszlim ki lett \u0171zve a t\u00f6r\u00f6kellenes harcok ut\u00e1n. A mai Szlov\u00e9nia pedig sosem volt oszm\u00e1n uralom alatt. Horv\u00e1torsz\u00e1gban jelenleg a muszlimok ar\u00e1nya 1,6 %, Szlov\u00e1ni\u00e1ban pedig 3,3 % - ezek azonban modernkori bev\u00e1ndorl\u00f3k, els\u0151sorban a volt Jugoszl\u00e1via idej\u00e9ben t\u00f6rt\u00e9nt bels\u0151 v\u00e1ndorl\u00e1s eredm\u00e9nye.\n\nRom\u00e1nia szint\u00e9n ki\u0171zte az eleve kev\u00e9s muszlim lakoss\u00e1got a t\u00f6r\u00f6k uralom v\u00e9ge (1877) ut\u00e1n, jelenleg Rom\u00e1ni\u00e1ban alig 0,3 % muszlim, ezek is szinte mind a Rom\u00e1ni\u00e1hoz csatolt volt bolg\u00e1r ter\u00fcleteken (<strong>Dobrudzs\u00e1ban<\/strong>) \u2013 a muszlimok tat\u00e1r \u00e9s t\u00f6r\u00f6k nemzetis\u00e9g\u0171ek.\n\nG\u00f6r\u00f6gorsz\u00e1g azonnal felszabadul\u00e1sa ut\u00e1n, m\u00e9g a XIX. sz. elej\u00e9n ki\u0171zte az \u00f6sszes muszlimot, muszlim lakoss\u00e1g csak azokon a ter\u00fcleteken maradt, melyek csak k\u00e9s\u0151bb ker\u00fcltek g\u00f6r\u00f6g fennhat\u00f3s\u00e1g al\u00e1. De ezekr\u0151l az \u00faj ter\u00fcletekr\u0151l is t\u00f6rt\u00e9nt egy massz\u00edv muszlim kitelep\u00edt\u00e9s T\u00f6r\u00f6korsz\u00e1gban az I. vh. ut\u00e1n. Ennek eredm\u00e9nyek\u00e9ppen\u00a0 ma alig a lakoss\u00e1g 1,0 %-a muszlim G\u00f6r\u00f6gorsz\u00e1gban, ezek fele t\u00f6r\u00f6k \u00e9s cig\u00e1ny, m\u00e1sik fele pedig pom\u00e1k (r\u00f3luk m\u00e9g lesz sz\u00f3).\n\nA szerbiai helyzet hasonl\u00f3. Az orsz\u00e1g felszabadul\u00e1sakor minden muszlimt ki\u0171ztek, muszlim lakoss\u00e1g csak azokon a ter\u00fcleteken maradt, melyek csak k\u00e9s\u0151bb ker\u00fcltek szerb fennhat\u00f3s\u00e1g al\u00e1. Jelenleg a muszlimok ar\u00e1nya 3,1 %. Fel\u00fck alb\u00e1n, m\u00e1sik fel\u00fck cig\u00e1ny, bosny\u00e1k, gor\u00e1n \u00e9s \u201e<strong>muszlim nemzetis\u00e9g\u0171<\/strong>\u201d (r\u00f3luk szint\u00e9n m\u00e9g lesz sz\u00f3).\n\nAz alb\u00e1nok kiv\u00e9tel\u00e9vel minden m\u00e1s balk\u00e1ni n\u00e9pn\u00e9l az iszl\u00e1mra val\u00f3 \u00e1tt\u00e9r\u00e9s megsz\u00fcntette a k\u00f6z\u00f6ss\u00e9get az eredeti nemzetis\u00e9ggel. Erre a legjobb p\u00e9lda Bosznia esete, ahol a lakoss\u00e1g egy r\u00e9sze el\u0151bb \u00e1tt\u00e9rt ortodox vagy katolikus vall\u00e1s\u00e1r\u00f3l a bogumilizmusra, majd pedig arr\u00f3l az iszl\u00e1mra. Sem a katolikus horv\u00e1tok, sem az ortodox szerbek sz\u00e1m\u00e1ra nem volt elfogadhat\u00f3 az \u00e1tt\u00e9rtekkel val\u00f3 k\u00f6z\u00f6ss\u00e9g. \u00cdgy az \u00faj boszniai \u2013 eredend\u0151en szerb \u00e9s horv\u00e1t sz\u00e1rmaz\u00e1s\u00fa - muszlimok gyakorlatilag nemzetis\u00e9gi identit\u00e1s n\u00e9lk\u00fcl maradtak, \u00faj identit\u00e1suk maga az iszl\u00e1m lette, mik\u00f6zben szl\u00e1v nyelv\u00fcket (<strong>BHMSZ<\/strong>) meg\u0151rizt\u00e9k. Ez az \u00e1llapot \u00e9vsz\u00e1zadokig tartott, csak a XX. sz. v\u00e9g\u00e9n kezdett kialakulni az \u00faj bosny\u00e1k nemzeti identit\u00e1s.\n\nTerm\u00e9szetesen Boszni\u00e1n k\u00edv\u00fcl is t\u00f6rt\u00e9ntek \u00e1tt\u00e9r\u00e9sek az iszl\u00e1mra. Az eredm\u00e9ny mindenhol ugyanaz volt: <strong>nemzetis\u00e9g n\u00e9lk\u00fcli<\/strong> emberek, akik meg\u0151rizt\u00e9k nyelv\u00fcket, s f\u0151 identit\u00e1suk maga az iszl\u00e1m vall\u00e1s lett. E n\u00e9pess\u00e9g sorsa teh\u00e1t ugyanaz lett, mint a bosny\u00e1kok\u00e9, de a legutols\u00f3 momentum n\u00e9lk\u00fcl: azaz nem t\u00f6rt\u00e9nt meg semmilyen \u00faj nemzeti identit\u00e1s kialakul\u00e1sa, m\u00e1ig a f\u0151 identit\u00e1suk az, hogy muszlimok.\n\nEzeket az embereket Maced\u00f3ni\u00e1ban ma <strong>torbes<\/strong>eknek nevezik, Szerbi\u00e1ban \u00e9s Koszov\u00f3ban gor\u00e1noknak, Bulg\u00e1ri\u00e1ban \u00e9s G\u00f6r\u00f6gorsz\u00e1gban <strong>pom\u00e1k<\/strong>oknak. K\u00f6z\u00f6s jellemz\u0151: bolg\u00e1rul besz\u00e9lnek (a gor\u00e1nok ink\u00e1bb egyfajta bolg\u00e1r-szerb \u00e1tmeneti nyelvj\u00e1r\u00e1st), s nem tekintik magukat egyetlen m\u00e1s nemzetis\u00e9g r\u00e9sz\u00e9nek. (Maced\u00f3ni\u00e1ban term\u00e9szetesen ezt a lakoss\u00e1g maced\u00f3n nyelv\u0171nek tekintik, de ez m\u00e1r a bolg\u00e1r-maced\u00f3n nyelvvita \u00fcgye, melyre nem t\u00e9rn\u00e9k ki.)\n\nEzt a nemzetis\u00e9g n\u00e9lk\u00fcli lakoss\u00e1got a volt Jugoszl\u00e1via ter\u00fclet\u00e9n az ut\u00f3bbi id\u0151ben a bosny\u00e1kok igyekeznek saj\u00e1t lakoss\u00e1guknak tekinteni, de \u2013 b\u00e1r a t\u00f6rt\u00e9net hasonl\u00f3 \u2013 a legt\u00f6bb \u00e9rintett nem tekinti mag\u00e1t bosny\u00e1knak sem, hiszen semmi k\u00f6ze Boszni\u00e1hoz. Hozz\u00e1 kell tenni az\u00e9rt, hogy bizonyos sikert el\u00e9rtek a bosny\u00e1kok, pl. Montenegr\u00f3ban a \u201emuszlim nemzetis\u00e9g\u0171ek\u201d egy kisebb r\u00e9sze mag\u00e1t ma m\u00e1r bosny\u00e1knak mondja, an\u00e9lk\u00fcl, hogy k\u00f6zvetlen k\u00f6ze lenne Boszni\u00e1hoz.\n\nMontenegr\u00f3ban jelenleg a lakoss\u00e1g 18,5 %-a muszlim. E lakoss\u00e1g h\u00e1romnegyede alb\u00e1n \u00e9s bosny\u00e1k (z\u00f6m\u00e9ben \u201eval\u00f3di\u201d bosny\u00e1k), egynegyede mag\u00e1t \u201emuszlim nemzetis\u00e9g\u0171nek\u201d tekinti. Ezt a \u201emuszlim nemzetis\u00e9g\u201d kateg\u00f3ri\u00e1t Tito vezette be hivatalosan Jugoszl\u00e1vi\u00e1ban, az \u00f6sszes olyan jugoszl\u00e1v ember sz\u00e1m\u00e1ra, aki iszl\u00e1m alapon hat\u00e1rozta meg mag\u00e1t. Boszni\u00e1ban \u2013 mint eml\u00edtettem \u2013 ebb\u0151l n\u0151tt ki a bosny\u00e1k nemzetis\u00e9g, m\u00edg m\u00e1shol maradt ez az \u00e1llapot. (Jelenleg Bosznia-Hercegovina lakoss\u00e1g\u00e1nak 41,6 %-a muszlim, szinte teljes eg\u00e9sz\u00e9ben ezek bosny\u00e1kok.)\n\nMaced\u00f3ni\u00e1ban a lakoss\u00e1g 33,8 %-a muszlim. Ezek h\u00e1romnegyede alb\u00e1n. A t\u00f6bbi z\u00f6m\u00e9ben t\u00f6r\u00f6k \u00e9s cig\u00e1ny. (\u00c9rdekess\u00e9g: a maced\u00f3niai cig\u00e1nyok egy r\u00e9sze mag\u00e1t nem cig\u00e1ny, hanem egyiptomi nemzetis\u00e9g\u0171nek nevezi.) \u00a0S a muszlimok kb. 10 %-a a fent m\u00e1r eml\u00edtett pom\u00e1k vagy torbes (a kett\u0151 ugyanaz, csak az el\u0151bbi ink\u00e1bb bolg\u00e1r, a m\u00e1sik ink\u00e1bb maced\u00f3n sz\u00f3haszn\u00e1lat).\n\nA torbes\/pom\u00e1k abban k\u00fcl\u00f6nb\u00f6zik a bosny\u00e1kt\u00f3l a gyakorlatban, hogy bolg\u00e1r anyanyelv\u0171, m\u00edg a bosny\u00e1kok pedig szerb (BHMSZ) nyelv\u0171ek. A gor\u00e1nok pedig a kett\u0151 k\u00f6z\u00f6tt ingadoznak, azaz pl. a d\u00e9l-koszov\u00f3iak ink\u00e1bb bolg\u00e1r nyelv\u0171ek, m\u00edg a d\u00e9l-szerbiaiak ink\u00e1bb szerb nyelv\u0171ek. (Val\u00f3j\u00e1ban a k\u00e9t nyelv nyelvj\u00e1r\u00e1si kontinuumot alkot, azaz nagyon neh\u00e9z az elhat\u00e1rol\u00e1s.)\n\nTerm\u00e9szetesen l\u00e9tezik a muszlim identit\u00e1s\u00faak egy r\u00e9sz\u00e9n\u00e9l az asszimil\u00e1ci\u00f3s ig\u00e9ny. Maced\u00f3ni\u00e1ban megfigyelhet\u0151, hogy a torbesek egy r\u00e9sze igyekszik elalb\u00e1nosodni. A montegr\u00f3i bosny\u00e1kosod\u00e1st m\u00e1r eml\u00edtettem.\n\nAmi a bosny\u00e1kokat illeti, a nemzeti identit\u00e1s m\u00e1r l\u00e9tezik, de mivel alig 30 \u00e9ve, ez igencsak zsenge valami. A kereszt\u00e9nys\u00e9get felvev\u0151 bosny\u00e1k ma is azonnal szerb vagy horv\u00e1t lesz nagyon gyorsan, azaz egy mai bosny\u00e1k el\u0151tt csak k\u00e9t lehet\u0151s\u00e9g van vall\u00e1silag: az iszl\u00e1m vagy az ateizmus.\n<blockquote>Boszniai vicc ezzel kapcsolatban, ami a val\u00f3s\u00e1gban nem vicc, mert ez a val\u00f3s\u00e1g:\n\nK\u00e9t ember besz\u00e9lget:\n\n- Te milyen vall\u00e1s\u00fa vagy?\n\n- Semmilyen. Ateista vagyok.\n\n- S azon bel\u00fcl milyen ateista vagy: ortodox ateista, katolikus ateista, vagy muszlim ateista?\n\n- Ateista ateista vagyok.\n\n- Ne viccelj, olyan nem l\u00e9tezik.<\/blockquote>\nMagyar vonatkoz\u00e1s\u00fa \u00e9rdekess\u00e9g. Bosznia-Hercegovina osztr\u00e1k-magyar ir\u00e1ny\u00edt\u00e1sa idej\u00e9n a magyar <strong>K\u00e1llay B\u00e9ni<\/strong> volt 1882-1903 k\u00f6z\u00f6tt a felel\u0151s a tartom\u00e1ny ir\u00e1ny\u00edt\u00e1s\u00e1\u00e9rt. \u0150 megpr\u00f3b\u00e1lta propag\u00e1lni hosszasan az egys\u00e9ges \u00e9s vall\u00e1sf\u00fcggetlen boszniai nemzet elk\u00e9pzel\u00e9s\u00e9t, de term\u00e9szetesn kudarcot vallott: ezt sem a horv\u00e1tok, sem a szerbek, sem a \u201emuzulm\u00e1n nemzetis\u00e9g\u0171ek\u201d nem akart\u00e1k.\n\nV\u00e9g\u00fcl a bulg\u00e1riai helyzet. A lakoss\u00e1g 11,2 %-a muszlim. Bulg\u00e1ria az <strong>egyetlen balk\u00e1ni orsz\u00e1g<\/strong>, ahonnan nem lettek ki\u0171zve a muszlimok az orsz\u00e1g t\u00f6r\u00f6k uralom al\u00f3l val\u00f3 felszabadul\u00e1sa ut\u00e1n, b\u00e1r a muszlimok kb. harmada-fele elhagyta \u00f6nk\u00e9nt az orsz\u00e1got, s k\u00e9s\u0151bb is volt t\u00f6bbsz\u00f6r kitelep\u00fcl\u00e9si hull\u00e1m. (Er\u0151szakos kitelep\u00edt\u00e9s 1989-ben volt, p\u00e1r h\u00f3napon kereszt\u00fcl.) A bulg\u00e1riai muszlimok kb. 75 %-a t\u00f6r\u00f6k, 10 %-a cig\u00e1ny, s 15 %-a pom\u00e1k.\n\nA bulg\u00e1riai pom\u00e1kok egy r\u00e9sze igyekezett a t\u00f6r\u00f6k\u00f6kh\u00f6z asszimil\u00e1l\u00f3dni. M\u00e1s r\u00e9sz elhagyta vall\u00e1s\u00e1t, ami a bolg\u00e1rr\u00e1 v\u00e1l\u00e1st \u00e9s a bolg\u00e1rok \u00e1ltali befogad\u00e1st jelentette automatikusan. Kor\u00e1bban voltak pr\u00f3b\u00e1lkoz\u00e1sok saj\u00e1t pom\u00e1k \u00e1llam alap\u00edt\u00e1s\u00e1ra is, l\u00e1sd err\u0151l <a href=\"http:\/\/bircahang.org\/tamrasi-koztarsasag\/\">itt<\/a>.\n\nA vil\u00e1g legh\u00edresebb r\u00e9szben pom\u00e1kja a modern t\u00f6r\u00f6k \u00e1llam megalap\u00edt\u00f3ja, <strong>Kemal Atat\u00fcrk<\/strong>, aki anyai \u00e1gon pom\u00e1k volt. (Apai \u00e1g\u00e1t illet\u0151en az egyik nem meger\u0151s\u00edtett elm\u00e9let szerint apja iszl\u00e1m hitre t\u00e9rt tesszaloniki zsid\u00f3 csal\u00e1d sarja volt.)\n\nA pom\u00e1k sz\u00f3 egy\u00e9bk\u00e9nt eredetileg g\u00fanyn\u00e9v, az oszm\u00e1n id\u0151kben a bolg\u00e1rok a \u201et\u00f6r\u00f6kk\u00e9 v\u00e1lt\u201d kifejez\u00e9sen k\u00edv\u00fcl m\u00e9g a\u00a0 \u201emohamed\u00e1nosott\u201d sz\u00f3t is haszn\u00e1lt\u00e1k az iszl\u00e1mot felvev\u0151 bolg\u00e1rokra, e sz\u00f3 r\u00f6vid\u00edt\u00e9s a \u201epom\u00e1k\u201d sz\u00f3, de ma m\u00e1r maguk a pom\u00e1kok is haszn\u00e1lj\u00e1k a sz\u00f3t, azaz elvesztette eredeti negat\u00edv \u00e9l\u00e9t. A kommunista Bulg\u00e1ri\u00e1ban a hivatalos sz\u00f3haszn\u00e1lat r\u00e1juk a \u201ebolg\u00e1r-muszlim\u201d volt, de ez a h\u00e9tk\u00f6napi \u00e9letben se akkor, se ma nem haszn\u00e1latos. A r\u00e9gi dolgok ma is hatnak: <strong>egy bolg\u00e1r egyszer\u0171en nem lehet muszlim<\/strong>.\n\n<em>*a diszpenszacionalizmus egy \u00fajprotest\u00e1ns n\u00e9zet, melynek l\u00e9nyege nagyon r\u00f6viden: Istennek k\u00e9t sz\u00f6vets\u00e9ge van, egy r\u00e9gi M\u00f3zesen kereszt\u00fcl, s egy \u00faj J\u00e9zuson kereszt\u00fcl, s mindkett\u0151 \u00e9rv\u00e9nyes, azaz a h\u00edv\u0151 zsid\u00f3nak nem sz\u00fcks\u00e9ges elfogadnia J\u00e9zust az \u00fcdv\u00f6ss\u00e9ghez, a judaizmus tov\u00e1bbra is nyitott \u00fat \u2013 ezzel szemben a korai \u00e9s a hagyom\u00e1nyos kereszt\u00e9ny tan\u00edt\u00e1s kateg\u00f3rikusan elutas\u00edtja ezt az \u00e1ll\u00e1spontot, s azt hirdeti, hogy J\u00e9zussal a judaizmus hamis vall\u00e1ss\u00e1 v\u00e1lt, azaz h\u00edv\u0151 zsid\u00f3nak lenni imm\u00e1r ugyan\u00fagy nem \u00fat az \u00fcdv\u00f6ss\u00e9ghez, ahogy b\u00e1rmely m\u00e1s vall\u00e1s h\u00edv\u00e9nek lenni sem az, az egyetlen \u00fat teh\u00e1t J\u00e9zus mindenki sz\u00e1m\u00e1ra<\/em>","type":"rich"}